{"id":40,"date":"2023-09-15T06:47:00","date_gmt":"2023-09-15T04:47:00","guid":{"rendered":"https:\/\/susanarodriguez.com.ar\/nuevo\/?page_id=40"},"modified":"2023-09-27T07:55:35","modified_gmt":"2023-09-27T05:55:35","slug":"cv-cv","status":"publish","type":"page","link":"https:\/\/susanarodriguez.com.ar\/index.php\/cv-cv\/","title":{"rendered":"CV\/ cv"},"content":{"rendered":"\t\t<div data-elementor-type=\"wp-page\" data-elementor-id=\"40\" class=\"elementor elementor-40\" data-elementor-post-type=\"page\">\n\t\t\t\t<div class=\"elementor-element elementor-element-fb1bc76 e-flex e-con-boxed e-con e-parent\" data-id=\"fb1bc76\" data-element_type=\"container\" data-e-type=\"container\">\n\t\t\t\t\t<div class=\"e-con-inner\">\n\t\t<div class=\"elementor-element elementor-element-2faf584 e-con-full e-flex e-con e-child\" data-id=\"2faf584\" data-element_type=\"container\" data-e-type=\"container\">\n\t\t\t\t<div class=\"elementor-element elementor-element-b01efa6 elementor-widget__width-initial elementor-widget elementor-widget-text-editor\" data-id=\"b01efa6\" data-element_type=\"widget\" data-e-type=\"widget\" data-widget_type=\"text-editor.default\">\n\t\t\t\t<div class=\"elementor-widget-container\">\n\t\t\t\t\t\t\t\t\t<p><b>Susana Rodr\u00edguez<\/b><span style=\"font-weight: 400;\"> egres\u00f3 de la Escuela de Bellas Artes de Buenos Aires como Profesora Superior de Grabado. En 1988 obtuvo una residencia en la Fundaci\u00f3n Rockefeller, Bellagio, Italia. Entre 1989 y 1990 trabaj\u00f3 en el principal taller de grabado de San Pablo, Brasil, produciendo litograf\u00edas. Su obra fue expuesta internacionalmente, en ciudades como Nueva York, Londres, Miami, Berl\u00edn, San Pablo, Seul, etc. En 2001 recibi\u00f3 el <\/span><i><span style=\"font-weight: 400;\">Gran Premio de Grabado del Sal\u00f3n Nacional<\/span><\/i><span style=\"font-weight: 400;\">, el galard\u00f3n m\u00e1s importante para artistas que trabajan en medios impresos en Argentina. En 2012 fue reconocida como Personalidad Destacada de la Cultura por la Legislatura de la Ciudad Aut\u00f3noma de Buenos Aires.<\/span><\/p><p><b><i>Susana Rodr\u00edguez<\/i><\/b><i><span style=\"font-weight: 400;\"> graduated from the School of Fine Arts in Buenos Aires, as a Superior Professor of Etching. In 1988 she gained a residency at the Rockefeller Foundation in Bellagio, Italy. Between the years 1989 and 1990 she worked in the most important etching workshop in Sao Paulo, Brasil, producing a series of lithographs. Her work was exhibited internationally in cities such as New York, London, Miami, Berl\u00edn, S\u00e3o Paulo, Seul, etc. In 2001 she was awarded as a Distinctive Personality of the Culture by the Legislation of the City of Buenos Aires.<\/span><\/i><span style=\"font-weight: 400;\">\u00a0<\/span><\/p>\t\t\t\t\t\t\t\t<\/div>\n\t\t\t\t<\/div>\n\t\t\t\t<\/div>\n\t\t<div class=\"elementor-element elementor-element-9ce88e9 e-con-full e-flex e-con e-child\" data-id=\"9ce88e9\" data-element_type=\"container\" data-e-type=\"container\">\n\t\t<div class=\"elementor-element elementor-element-51e7a15 e-flex e-con-boxed e-con e-child\" data-id=\"51e7a15\" data-element_type=\"container\" data-e-type=\"container\">\n\t\t\t\t\t<div class=\"e-con-inner\">\n\t\t\t\t<div class=\"elementor-element elementor-element-7407bb3 elementor-widget elementor-widget-image\" data-id=\"7407bb3\" data-element_type=\"widget\" data-e-type=\"widget\" data-widget_type=\"image.default\">\n\t\t\t\t<div class=\"elementor-widget-container\">\n\t\t\t\t\t\t\t\t\t\t\t\t\t\t\t<img fetchpriority=\"high\" decoding=\"async\" width=\"227\" height=\"300\" src=\"https:\/\/susanarodriguez.com.ar\/wp-content\/uploads\/2023\/09\/retrato-227x300-1.webp\" class=\"attachment-large size-large wp-image-518\" alt=\"\" \/>\t\t\t\t\t\t\t\t\t\t\t\t\t\t\t<\/div>\n\t\t\t\t<\/div>\n\t\t\t\t\t<\/div>\n\t\t\t\t<\/div>\n\t\t\t\t<\/div>\n\t\t\t\t\t<\/div>\n\t\t\t\t<\/div>\n\t\t<div class=\"elementor-element elementor-element-08b5a07 e-con-full elementor-hidden-desktop elementor-hidden-tablet e-flex e-con e-parent\" data-id=\"08b5a07\" data-element_type=\"container\" data-e-type=\"container\" data-settings=\"{&quot;background_background&quot;:&quot;classic&quot;}\">\n\t\t\t\t<div class=\"elementor-element elementor-element-71d2b93 elementor-widget elementor-widget-text-editor\" data-id=\"71d2b93\" data-element_type=\"widget\" data-e-type=\"widget\" data-widget_type=\"text-editor.default\">\n\t\t\t\t<div class=\"elementor-widget-container\">\n\t\t\t\t\t\t\t\t\t<p><b>Exposiciones individuales \u2013 <\/b><b><i>Solo Shows<\/i><\/b><\/p>\n<p><b>2022&nbsp; <\/b><i><span style=\"font-weight: 400;\">Susana Rodr\u00edguez<\/span><\/i><span style=\"font-weight: 400;\">, Frieze Masters, Herlitzka + Faria, London<\/span><\/p>\n<p><b>2021&nbsp; <\/b><i><span style=\"font-weight: 400;\">Gris de ausencia, <\/span><\/i><span style=\"font-weight: 400;\">Palacio Pizzurno, Ministerio de Educaci\u00f3n, Buenos Aires<\/span><\/p>\n<p><b>2020<\/b><span style=\"font-weight: 400;\">&nbsp; <\/span><i><span style=\"font-weight: 400;\">Scripta manent<\/span><\/i><span style=\"font-weight: 400;\">, Herlitzka + Faria Gallery, Buenos Aires<\/span><span style=\"font-weight: 400;\"><br><\/span><b>2018<\/b><span style=\"font-weight: 400;\">&nbsp; <\/span><i><span style=\"font-weight: 400;\">Escrituras 1977-1984<\/span><\/i><span style=\"font-weight: 400;\">, Museo S\u00edvori. Buenos Aires. &#8211;<\/span><span style=\"font-weight: 400;\"><br><\/span><span style=\"font-weight: 400;\">&nbsp; &nbsp; &nbsp; &nbsp; &nbsp; Consulado General de la Argentina, Nueva York. U.S.A. &#8211; <\/span><span style=\"font-weight: 400;\"><br><\/span><span style=\"font-weight: 400;\">&nbsp; &nbsp; &nbsp; &nbsp; &nbsp; Three Worlds 1310 Gallery, Fort Lauderdale, Florida<\/span><span style=\"font-weight: 400;\"><br><\/span><b>2016<\/b> <span style=\"font-weight: 400;\">Museo Xul Solar: Edici\u00f3n y presentaci\u00f3n del libro VISIONES<\/span><span style=\"font-weight: 400;\"><br><\/span><b>2015<\/b> <span style=\"font-weight: 400;\">Galer\u00eda Rubbers Internacional, Buenos Aires. Argentina<\/span><span style=\"font-weight: 400;\"><br><\/span><span style=\"font-weight: 400;\"> &nbsp; &nbsp; &nbsp; &nbsp; &nbsp; Museo Municipal de Bellas Artes de Tandil, Pcia. de Buenos Aires.Argentina.<\/span><span style=\"font-weight: 400;\"><br><\/span><span style=\"font-weight: 400;\"> &nbsp; &nbsp; &nbsp; &nbsp; &nbsp; Consulado General de la Argentina, Nueva York. U.S.A.<\/span><span style=\"font-weight: 400;\"><br><\/span><b>2014<\/b> <span style=\"font-weight: 400;\">Americas Collection Gallery, Miami. U.S.A.<\/span><span style=\"font-weight: 400;\"><br><\/span><span style=\"font-weight: 400;\"> &nbsp; &nbsp; &nbsp; &nbsp; &nbsp; NOVA Southwestern University, Florida.<\/span><span style=\"font-weight: 400;\"><br><\/span><span style=\"font-weight: 400;\"> &nbsp; &nbsp; &nbsp; &nbsp; &nbsp; Museo de Escultura Brasile\u00f1a, MUBE, San Pablo. Brasil<\/span><span style=\"font-weight: 400;\"><br><\/span><b>2013<\/b> <span style=\"font-weight: 400;\">Premio Grabado, Museo Rosa Galisteo de Rodr\u00edguez, Santa Fe. Argentina.<\/span><span style=\"font-weight: 400;\"><br><\/span><b>2012<\/b> <span style=\"font-weight: 400;\">Exposici\u00f3n y Nominaci\u00f3n: Personalidad Destacada de la Cultura,<\/span><span style=\"font-weight: 400;\"><br><\/span><span style=\"font-weight: 400;\"> &nbsp; &nbsp; &nbsp; &nbsp; &nbsp; Legislatura de la Ciudad Aut\u00f3noma de Buenos Aires<\/span><span style=\"font-weight: 400;\"><br><\/span><span style=\"font-weight: 400;\"> &nbsp; &nbsp; &nbsp; &nbsp; &nbsp; Muestra D Larosa, Lurie Gallery, Boca Rat\u00f3n, Florida. U.S.A.<\/span><span style=\"font-weight: 400;\"><br><\/span><span style=\"font-weight: 400;\"> &nbsp; &nbsp; &nbsp; &nbsp; &nbsp; Muestra Embajada Argentina, Berl\u00edn. Alemania<\/span><span style=\"font-weight: 400;\"><br><\/span><b>2010<\/b> <span style=\"font-weight: 400;\">Museo de Bellas Artes, Salta. Argentina.<\/span><span style=\"font-weight: 400;\"><br><\/span><span style=\"font-weight: 400;\"> &nbsp; &nbsp; &nbsp; &nbsp; &nbsp; Agalma Arte. Buenos Aires<\/span><span style=\"font-weight: 400;\"><br><\/span><b>2009<\/b><span style=\"font-weight: 400;\"> &nbsp; <\/span><i><span style=\"font-weight: 400;\">La L\u00ednea Piensa<\/span><\/i><span style=\"font-weight: 400;\">, Centro Cultural Borges. Buenos Aires.<\/span><span style=\"font-weight: 400;\"><br><\/span><i><span style=\"font-weight: 400;\"> &nbsp; &nbsp; &nbsp; &nbsp; &nbsp; Paintings and Graphic Works<\/span><\/i><span style=\"font-weight: 400;\">, Consulado Gral. de Argentina, Nueva York. U.S.A.<\/span><span style=\"font-weight: 400;\"><br><\/span><b>2008<\/b> <span style=\"font-weight: 400;\">Americas Collection Gallery, Miami. U.S.A.<\/span><span style=\"font-weight: 400;\"><br><\/span><span style=\"font-weight: 400;\"> &nbsp; &nbsp; &nbsp; &nbsp; &nbsp; 43 8th Avenue Gallery, Nueva York. U.S.A.<\/span><span style=\"font-weight: 400;\"><br><\/span><b>2007<\/b> <span style=\"font-weight: 400;\">Agalma Arte. Buenos Aires<\/span><span style=\"font-weight: 400;\"><br><\/span><span style=\"font-weight: 400;\"> &nbsp; &nbsp; &nbsp; &nbsp; &nbsp; Fifteen Gallery, Fort Lauderdale, Florida. U.S.A.<\/span><span style=\"font-weight: 400;\"><br><\/span><span style=\"font-weight: 400;\"> &nbsp; &nbsp; &nbsp; &nbsp; &nbsp; Muestra Escuela Freudiana de Buenos Aires. Buenos Aires<\/span><span style=\"font-weight: 400;\"><br><\/span><span style=\"font-weight: 400;\"> &nbsp; &nbsp; &nbsp; &nbsp; &nbsp; Museo Guaman Poma, Entre R\u00edos. Argentina<\/span><span style=\"font-weight: 400;\"><br><\/span><b>2005<\/b> <span style=\"font-weight: 400;\">43 8th Avenue Gallery, Nueva York U.S.A.<\/span><span style=\"font-weight: 400;\"><br><\/span><span style=\"font-weight: 400;\"> &nbsp; &nbsp; &nbsp; &nbsp; &nbsp; Caja de Arte. Buenos Aires<\/span><span style=\"font-weight: 400;\"><br><\/span><span style=\"font-weight: 400;\"> &nbsp; &nbsp; &nbsp; &nbsp; &nbsp; Presentaci\u00f3n del libro <\/span><i><span style=\"font-weight: 400;\">Susana Rodr\u00edguez<\/span><\/i><span style=\"font-weight: 400;\"> (Pacheco, Lebenlik,<\/span><span style=\"font-weight: 400;\"><br><\/span><span style=\"font-weight: 400;\"> &nbsp; &nbsp; &nbsp; &nbsp; &nbsp; Herrera, Whitelow) Museo Nacional de Bellas Artes. Buenos Aires<\/span><span style=\"font-weight: 400;\"><br><\/span><b>2004<\/b><span style=\"font-weight: 400;\"> &nbsp; <\/span><i><span style=\"font-weight: 400;\">La Piel del Tiempo<\/span><\/i><span style=\"font-weight: 400;\">, Consulado Gral. de Argentina, Nueva York. U.S.A.<\/span><span style=\"font-weight: 400;\"><br><\/span><span style=\"font-weight: 400;\"> &nbsp; &nbsp; &nbsp; &nbsp; &nbsp; Cecile\u2019s Love Lane Gallery, Mattituck, Nueva York. U.S.A.<\/span><span style=\"font-weight: 400;\"><br><\/span><b>2003<\/b><span style=\"font-weight: 400;\"> &nbsp; <\/span><i><span style=\"font-weight: 400;\">La Piel del Tiempo<\/span><\/i><span style=\"font-weight: 400;\">, Centro Cultural Recoleta, Buenos Aires.<\/span><span style=\"font-weight: 400;\"><br><\/span><span style=\"font-weight: 400;\"> &nbsp; &nbsp; &nbsp; &nbsp; &nbsp; Museo de Arte Moderno, Mendoza. Argentina<\/span><span style=\"font-weight: 400;\"><br><\/span><b>2002<\/b><span style=\"font-weight: 400;\"> &nbsp; <\/span><i><span style=\"font-weight: 400;\">Portraits of the Soul<\/span><\/i><span style=\"font-weight: 400;\">, JD Smith Gallery, Nueva York. U.S.A.<\/span><span style=\"font-weight: 400;\"><br><\/span><b>2001<\/b> <span style=\"font-weight: 400;\">Museo de Bellas Artes, Provincia de Salta. Argentina<\/span><span style=\"font-weight: 400;\"><br><\/span><b>2000<\/b> <span style=\"font-weight: 400;\">Fondo Nacional de las Artes, Centro Cultural Recoleta. Buenos Aires<\/span><span style=\"font-weight: 400;\"><br><\/span><b>1999<\/b> <span style=\"font-weight: 400;\">Pinacoteca do Estado de San Pablo. Brasil<\/span><span style=\"font-weight: 400;\"><br><\/span><b>1998 <\/b><span style=\"font-weight: 400;\">&nbsp;&nbsp;Galer\u00eda Leonora Vega, Nueva York. U.S.A.<\/span><span style=\"font-weight: 400;\"><br><\/span><b>1997<\/b><span style=\"font-weight: 400;\"> &nbsp; <\/span><i><span style=\"font-weight: 400;\">Rompecabezas de la infancia<\/span><\/i><span style=\"font-weight: 400;\">, Centro Cultural Recoleta. Buenos Aires<\/span><span style=\"font-weight: 400;\"><br><\/span><b>1996<\/b> <span style=\"font-weight: 400;\">Museo de las Casas Reales, Santo Domingo. Rep\u00fablica Dominicana<\/span><span style=\"font-weight: 400;\"><br><\/span><span style=\"font-weight: 400;\"> &nbsp; &nbsp; &nbsp; &nbsp; &nbsp; Liga de Arte, San Juan. Puerto Rico<\/span><span style=\"font-weight: 400;\"><br><\/span><span style=\"font-weight: 400;\"> &nbsp; &nbsp; &nbsp; &nbsp; &nbsp; Fondo Nacional de las Artes. Buenos Aires<\/span><span style=\"font-weight: 400;\"><br><\/span><b>1995<\/b> <span style=\"font-weight: 400;\">Casa de Cultura Gral. Roca, Provincia de R\u00edo Negro. Argentina<\/span><span style=\"font-weight: 400;\"><br><\/span><b>1993<\/b> <span style=\"font-weight: 400;\">Galer\u00eda Julia Lublin. Buenos Aires<\/span><span style=\"font-weight: 400;\"><br><\/span><b>1991<\/b> <span style=\"font-weight: 400;\">Galer\u00eda Soudan. Buenos Aires<\/span><span style=\"font-weight: 400;\"><br><\/span><span style=\"font-weight: 400;\"> &nbsp; &nbsp; &nbsp; &nbsp; &nbsp; Galer\u00eda Archimboldo. Buenos Aires<\/span><span style=\"font-weight: 400;\"><br><\/span><b>1989 <\/b><span style=\"font-weight: 400;\">&nbsp;&nbsp;<\/span><i><span style=\"font-weight: 400;\">Tres acercamientos a la realidad<\/span><\/i><span style=\"font-weight: 400;\">, Centro Cultural Recoleta. Buenos Aires<\/span><span style=\"font-weight: 400;\"><br><\/span><b>1988<\/b> <span style=\"font-weight: 400;\">Museo de Arte Moderno. San Pablo. Brasil<\/span><span style=\"font-weight: 400;\"><br><\/span><span style=\"font-weight: 400;\"> &nbsp; &nbsp; &nbsp; &nbsp; &nbsp; Galer\u00eda Atica. Buenos Aires<\/span><span style=\"font-weight: 400;\"><br><\/span><b>1986<\/b> <span style=\"font-weight: 400;\">Galer\u00eda Atica. Buenos Aires<\/span><span style=\"font-weight: 400;\"><br><\/span><b>1984<\/b> <span style=\"font-weight: 400;\">Galer\u00eda Atica. Buenos Aires<\/span><span style=\"font-weight: 400;\"><br><\/span><b>1982<\/b> <span style=\"font-weight: 400;\">Galer\u00eda Arte Aplicada, San Pablo. Brasil<\/span><span style=\"font-weight: 400;\"><br><\/span><span style=\"font-weight: 400;\"> &nbsp; &nbsp; &nbsp; &nbsp; &nbsp; Galer\u00eda Alberto El\u00eda. Buenos Aires<\/span><span style=\"font-weight: 400;\"><br><\/span><b>1979<\/b> <span style=\"font-weight: 400;\">Galer\u00eda Carlos Roshemburg. Buenos Aires<\/span><span style=\"font-weight: 400;\"><br><\/span><b>1978&nbsp; <\/b><span style=\"font-weight: 400;\">&nbsp;Galer\u00eda Arte Aplicada, San Pablo. Brasil<\/span><span style=\"font-weight: 400;\"><br><\/span><span style=\"font-weight: 400;\"> &nbsp; &nbsp; &nbsp; &nbsp; &nbsp; Galer\u00eda Praxis. Buenos Aires<\/span><span style=\"font-weight: 400;\"><br><\/span><b>1976<\/b> <span style=\"font-weight: 400;\">Galer\u00eda Carmen Waugh. Buenos Aires<\/span><span style=\"font-weight: 400;\"><br><\/span><b>1973<\/b> <span style=\"font-weight: 400;\">Galer\u00eda H. Buenos Aires<\/span><\/p>\n<p><b>Muestras colectivas \u2013&nbsp; <\/b><b><i>Group Shows<\/i><\/b><\/p>\n<p><b>2023&nbsp; <\/b><span style=\"font-weight: 400;\">Arte BA, Herlitzka &amp; Co., Buenos Aires<\/span><\/p>\n<p><i><span style=\"font-weight: 400;\">&nbsp;&nbsp;&nbsp;&nbsp;&nbsp;&nbsp;&nbsp;&nbsp;&nbsp;&nbsp;Master Drawings: Drawings from the South of America, <\/span><\/i><span style=\"font-weight: 400;\">Herlitzka + Faria Gallery, Nueva York<\/span><\/p>\n<p><span style=\"font-weight: 400;\">&nbsp;&nbsp;&nbsp;&nbsp;&nbsp;&nbsp;&nbsp;&nbsp;&nbsp;&nbsp;ARCO Madrid, Herlitzka + Faria<\/span><\/p>\n<p><b style=\"font-style: inherit; color: var( --e-global-color-text ); text-align: var(--text-align); background-color: var(--ast-global-color-5);\">2022<\/b><span style=\"font-style: inherit; color: var( --e-global-color-text ); text-align: var(--text-align); background-color: var(--ast-global-color-5);\">&nbsp; ARCO Madrid, Herlitzka + Faria<\/span><\/p>\n<p><span style=\"font-weight: 400;\">&nbsp;&nbsp;&nbsp;&nbsp;&nbsp;&nbsp;&nbsp;&nbsp;&nbsp;&nbsp;Arte BA, Herlitzka + Faria, Buenos Aires<\/span><\/p>\n<p><b>2021&nbsp; <\/b><i><span style=\"font-weight: 400;\">The secret garden<\/span><\/i><span style=\"font-weight: 400;\">, Henrique Faria, New York<\/span><\/p>\n<p><i><span style=\"font-weight: 400;\">&nbsp;&nbsp;&nbsp;&nbsp;&nbsp;&nbsp;&nbsp;&nbsp;&nbsp;&nbsp;&nbsp;<\/span><\/i><i><span style=\"font-weight: 400;\">Terapia, <\/span><\/i><span style=\"font-weight: 400;\">MALBA, Buenos Aires<\/span><\/p>\n<p><b>2020<\/b><span style=\"font-weight: 400;\">&nbsp; <\/span><i><span style=\"font-weight: 400;\">Scripta manent<\/span><\/i><span style=\"font-weight: 400;\">, Herlitzka + Faria Gallery, Buenos Aires<\/span><span style=\"font-weight: 400;\"><br><\/span><span style=\"font-weight: 400;\">&nbsp; &nbsp; &nbsp; &nbsp; &nbsp; ARCO, Madrid<\/span><span style=\"font-weight: 400;\"><br><\/span><b>2019<\/b><span style=\"font-weight: 400;\">&nbsp; <\/span><i><span style=\"font-weight: 400;\">Ellas<\/span><\/i><span style=\"font-weight: 400;\">, Herlitzka + Faria Gallery, Buenos Aires<\/span><span style=\"font-weight: 400;\"><br><\/span><b>2018<\/b><span style=\"font-weight: 400;\">&nbsp; ArteBA, Buenos Aires<\/span><span style=\"font-weight: 400;\"><br><\/span><i><span style=\"font-weight: 400;\">&nbsp; &nbsp; &nbsp; &nbsp; &nbsp; Untitled<\/span><\/i><span style=\"font-weight: 400;\">, Henrique + Faria, Miami<\/span><span style=\"font-weight: 400;\"><br><\/span><span style=\"font-weight: 400;\">&nbsp; &nbsp; &nbsp; &nbsp; &nbsp; Group show, Henrique + Faria Gallery, Buenos Aires<\/span><span style=\"font-weight: 400;\"><br><\/span><b>2017<\/b><span style=\"font-weight: 400;\">&nbsp; Americas Collection Gallery, Coral Gables, Miami. U.S.A<\/span><span style=\"font-weight: 400;\"><br><\/span><b>2015<\/b><span style=\"font-weight: 400;\">&nbsp; <\/span><i><span style=\"font-weight: 400;\">Imaginarios Presentes. Imaginarios Futuros.<\/span><\/i><span style=\"font-weight: 400;\"> Casa del Bicentenario.<\/span><span style=\"font-weight: 400;\"><br><\/span><span style=\"font-weight: 400;\">&nbsp; &nbsp; &nbsp; &nbsp; &nbsp; Buenos Aires<\/span><span style=\"font-weight: 400;\"><br><\/span><b>2014<\/b><span style=\"font-weight: 400;\">&nbsp; Americas Collection Gallery, Miami. U.S.A.<\/span><span style=\"font-weight: 400;\"><br><\/span><b>2013<\/b><span style=\"font-weight: 400;\">&nbsp; <\/span><i><span style=\"font-weight: 400;\">Discursos Gr\u00e1ficos,<\/span><\/i><span style=\"font-weight: 400;\"> Centro Cultural OSDE, Buenos Aires<\/span><span style=\"font-weight: 400;\"><br><\/span><span style=\"font-weight: 400;\">&nbsp; &nbsp; &nbsp; &nbsp; &nbsp; La L\u00ednea Piensa, Centro Cultural Borges. Buenos Aires<\/span><span style=\"font-weight: 400;\"><br><\/span><b>2012<\/b><span style=\"font-weight: 400;\">&nbsp; D\u2019Larosa-Lurie Gallery, Boca Rat\u00f3n, Florida. U.S.A.<\/span><span style=\"font-weight: 400;\"><br><\/span><b>2011<\/b><span style=\"font-weight: 400;\">&nbsp; Americas Collection Gallery, Coral Gables, Miami. U.S.A.<\/span><span style=\"font-weight: 400;\"><br><\/span><b>2010<\/b><span style=\"font-weight: 400;\">&nbsp; Gr\u00e1fica Experimental, Rosario, Santa Fe. Argentina<\/span><span style=\"font-weight: 400;\"><br><\/span><b>2009<\/b><span style=\"font-weight: 400;\">&nbsp; Artistas Argentinas, Salas de Exposici\u00f3n de la Legislatura de la Ciudad Aut\u00f3noma de Buenos Aires<\/span><span style=\"font-weight: 400;\"><br><\/span><span style=\"font-weight: 400;\">&nbsp; &nbsp; &nbsp; &nbsp; &nbsp; <\/span><i><span style=\"font-weight: 400;\">Dibujos<\/span><\/i><span style=\"font-weight: 400;\">, Galer\u00eda Rubbers Internacional. Buenos Aires<\/span><span style=\"font-weight: 400;\"><br><\/span><span style=\"font-weight: 400;\">&nbsp; &nbsp; &nbsp; &nbsp; &nbsp; Muestra Premio Banco Naci\u00f3n. Buenos Aires<\/span><span style=\"font-weight: 400;\"><br><\/span><b>2008<\/b><span style=\"font-weight: 400;\">&nbsp; The Beauty of Paper, Art Pick, Americas Collection Gallery, Miami. U.S.A.<\/span><span style=\"font-weight: 400;\"><br><\/span><b>2007<\/b><span style=\"font-weight: 400;\">&nbsp; Woman\u2019s Park, Miami. U.S.A.<\/span><span style=\"font-weight: 400;\"><br><\/span><span style=\"font-weight: 400;\">&nbsp; &nbsp; &nbsp; &nbsp; &nbsp; Lurie Gallery, Los Angeles. U.S.A.<\/span><span style=\"font-weight: 400;\"><br><\/span><span style=\"font-weight: 400;\">&nbsp; &nbsp; &nbsp; &nbsp; &nbsp; Amor Amor, Galer\u00eda Zurbar\u00e1n, C\u00f3rdoba. Argentina<\/span><span style=\"font-weight: 400;\"><br><\/span><b>2006<\/b><span style=\"font-weight: 400;\">&nbsp; <\/span><i><span style=\"font-weight: 400;\">Works on paper<\/span><\/i><span style=\"font-weight: 400;\">, Flux Factory. Nueva York, U.S.A.<\/span><span style=\"font-weight: 400;\"><br><\/span><span style=\"font-weight: 400;\">&nbsp; &nbsp; &nbsp; &nbsp; &nbsp; Sal\u00f3n Nacional de Dibujo y Grabado. Entre R\u00edos, Argentina<\/span><span style=\"font-weight: 400;\"><br><\/span><i><span style=\"font-weight: 400;\">&nbsp; &nbsp; &nbsp; &nbsp; &nbsp; 21 artistas y su visi\u00f3n del pais<\/span><\/i><span style=\"font-weight: 400;\">, Centro Cultural Caras y Caretas. Buenos Aires<\/span><span style=\"font-weight: 400;\"><br><\/span><b>2004<\/b><span style=\"font-weight: 400;\">&nbsp; Piel de Papel, Palais de Glace. Buenos Aires<\/span><span style=\"font-weight: 400;\"><br><\/span><span style=\"font-weight: 400;\">&nbsp; &nbsp; &nbsp; &nbsp; &nbsp; The Silom Gallery. Bangkok, Silpakonm University, Tailandia<\/span><span style=\"font-weight: 400;\"><br><\/span><i><span style=\"font-weight: 400;\">&nbsp; &nbsp; &nbsp; &nbsp; &nbsp; Libros de Artistas,<\/span><\/i><span style=\"font-weight: 400;\"> Museo Nacional de Grabado, Buenos Aires<\/span><span style=\"font-weight: 400;\"><br><\/span><span style=\"font-weight: 400;\">&nbsp; &nbsp; &nbsp; &nbsp; &nbsp; Presentaci\u00f3n del libro Piel de Papel por Rodrigo Alonso. Caja de Arte. Buenos Aires<\/span><span style=\"font-weight: 400;\"><br><\/span><span style=\"font-weight: 400;\">&nbsp; &nbsp; &nbsp; &nbsp; &nbsp; Casa de la Cultura de Pergamino. Buenos Aires<\/span><span style=\"font-weight: 400;\"><br><\/span><span style=\"font-weight: 400;\">&nbsp; &nbsp; &nbsp; &nbsp; &nbsp; Expotrastiendas. Buenos Aires<\/span><span style=\"font-weight: 400;\"><br><\/span><b>2003<\/b><span style=\"font-weight: 400;\">&nbsp; International Print and Drawing Exhibition,Thailand-Silpakonm University. Tailandia<\/span><span style=\"font-weight: 400;\"><br><\/span><span style=\"font-weight: 400;\">&nbsp; &nbsp; &nbsp; &nbsp; &nbsp; Premio de dibujo Trabucco de la Academia Nacional de Bellas Artes. Centro Cultural Borges. Buenos Aires<\/span><span style=\"font-weight: 400;\"><br><\/span><span style=\"font-weight: 400;\">&nbsp; &nbsp; &nbsp; &nbsp; &nbsp; Arte BA: Libro <\/span><i><span style=\"font-weight: 400;\">Piel de Papel<\/span><\/i><span style=\"font-weight: 400;\">. Buenos Aires<\/span><span style=\"font-weight: 400;\"><br><\/span><i><span style=\"font-weight: 400;\">&nbsp; &nbsp; &nbsp; &nbsp; &nbsp; Los 80: T\u00e9cnicas Experimentales<\/span><\/i><span style=\"font-weight: 400;\">, Museo Nacional de Grabado. Buenos Aires<\/span><span style=\"font-weight: 400;\"><br><\/span><i><span style=\"font-weight: 400;\">&nbsp; &nbsp; &nbsp; &nbsp; &nbsp; Libro de Artista<\/span><\/i><span style=\"font-weight: 400;\">, Museo de Santa Fe. Argentina<\/span><span style=\"font-weight: 400;\"><br><\/span><i><span style=\"font-weight: 400;\">&nbsp; &nbsp; &nbsp; &nbsp; &nbsp; Tucum\u00e1n Arte: Primera Feria de Arte<\/span><\/i><span style=\"font-weight: 400;\">, Tucum\u00e1n. Argentina<\/span><span style=\"font-weight: 400;\"><br><\/span><i><span style=\"font-weight: 400;\">&nbsp; &nbsp; &nbsp; &nbsp; &nbsp; Piel de Papel<\/span><\/i><span style=\"font-weight: 400;\">, Centro Cultural Recoleta. Buenos Aires<\/span><span style=\"font-weight: 400;\"><br><\/span><i><span style=\"font-weight: 400;\">&nbsp; &nbsp; &nbsp; &nbsp; &nbsp; Encuentro de Poes\u00eda Visual y Sonora<\/span><\/i><span style=\"font-weight: 400;\">. Galer\u00eda V\u00f3rtice. Buenos Aires<\/span><span style=\"font-weight: 400;\"><br><\/span><span style=\"font-weight: 400;\">&nbsp; &nbsp; &nbsp; &nbsp; &nbsp; Sal\u00f3n Manuel Belgrano de Grabado y Dibujo. Museo Eduardo S\u00edvori. Buenos Aires<\/span><span style=\"font-weight: 400;\"><br><\/span><b>2002<\/b><span style=\"font-weight: 400;\">&nbsp; <\/span><i><span style=\"font-weight: 400;\">Argentina 2002<\/span><\/i><span style=\"font-weight: 400;\">, Broward County Library, Fort Lauderdale. U.S.A.<\/span><span style=\"font-weight: 400;\"><br><\/span><i><span style=\"font-weight: 400;\">&nbsp; &nbsp; &nbsp; &nbsp; &nbsp; Bienal Gr\u00e1fica<\/span><\/i><span style=\"font-weight: 400;\">, Museo Nacional de Grabado. Buenos Aires. &nbsp; &nbsp; &nbsp; &nbsp; <\/span><span style=\"font-weight: 400;\"><br><\/span><i><span style=\"font-weight: 400;\">&nbsp; &nbsp; &nbsp; &nbsp; &nbsp; Basta de Mujeres<\/span><\/i><span style=\"font-weight: 400;\">, Galer\u00eda Atica. Buenos Aires.<\/span><span style=\"font-weight: 400;\"><br><\/span><b>2001<\/b><span style=\"font-weight: 400;\">&nbsp; <\/span><i><span style=\"font-weight: 400;\">Las Palabras Perdidas<\/span><\/i><span style=\"font-weight: 400;\">, Centro Cultural Recoleta. Buenos Aires<\/span><span style=\"font-weight: 400;\"><br><\/span><i><span style=\"font-weight: 400;\">&nbsp; &nbsp; &nbsp; &nbsp; &nbsp; Muestra de Mujeres<\/span><\/i><span style=\"font-weight: 400;\">, Centro Cultural Borges. Buenos Aires<\/span><span style=\"font-weight: 400;\"><br><\/span><i><span style=\"font-weight: 400;\">&nbsp; &nbsp; &nbsp; &nbsp; &nbsp; Autorretrato<\/span><\/i><span style=\"font-weight: 400;\">, Centro Cultural Borges. Buenos Aires<\/span><span style=\"font-weight: 400;\"><br><\/span><span style=\"font-weight: 400;\">&nbsp; &nbsp; &nbsp; &nbsp; &nbsp; Premio Universidad del Salvador, Palais de Glace, Buenos Aires<\/span><span style=\"font-weight: 400;\"><br><\/span><span style=\"font-weight: 400;\">&nbsp; &nbsp; &nbsp; &nbsp; &nbsp; Fundaci\u00f3n para la investigaci\u00f3n m\u00e9dico-psicol\u00f3gica. Buenos Aires<\/span><span style=\"font-weight: 400;\"><br><\/span><i><span style=\"font-weight: 400;\">&nbsp; &nbsp; &nbsp; &nbsp; &nbsp; Almanaque,<\/span><\/i><span style=\"font-weight: 400;\"> Centro Cultural Recoleta. Buenos Aires<\/span><span style=\"font-weight: 400;\"><br><\/span><i><span style=\"font-weight: 400;\">&nbsp; &nbsp; &nbsp; &nbsp; &nbsp; Colecci\u00f3n de artistas,<\/span><\/i><span style=\"font-weight: 400;\"> PROA. Buenos Aires<\/span><span style=\"font-weight: 400;\"><br><\/span><b>2000<\/b> <span style=\"font-weight: 400;\">XLV Sal\u00f3n Manuel Belgrano, Museo Eduardo S\u00edvori. Buenos Aires<\/span><span style=\"font-weight: 400;\"><br><\/span><i><span style=\"font-weight: 400;\"> &nbsp; &nbsp; &nbsp; &nbsp; &nbsp; Litograf\u00edas Porte\u00f1as y Gauchas.<\/span><\/i><span style=\"font-weight: 400;\"> Porto Alegre. Brasil<\/span><span style=\"font-weight: 400;\"><br><\/span><i><span style=\"font-weight: 400;\"> &nbsp; &nbsp; &nbsp; &nbsp; &nbsp; Cigar Art<\/span><\/i><span style=\"font-weight: 400;\">, Art Museum of&nbsp; South Texas. U.S.A.<\/span><span style=\"font-weight: 400;\"><br><\/span><b>1999<\/b><span style=\"font-weight: 400;\"> &nbsp; <\/span><i><span style=\"font-weight: 400;\">North American Print Exhibition<\/span><\/i><span style=\"font-weight: 400;\">, Boston, Mass. U.S.A.<\/span><span style=\"font-weight: 400;\"><br><\/span><i><span style=\"font-weight: 400;\"> &nbsp; &nbsp; &nbsp; &nbsp; &nbsp; Lubin V Art Auction<\/span><\/i><span style=\"font-weight: 400;\">, 12 Deutschen Internationalen Trienal Grafica,Frechen. Polonia<\/span><span style=\"font-weight: 400;\"><br><\/span><span style=\"font-weight: 400;\"> &nbsp; &nbsp; &nbsp; &nbsp; &nbsp; V subasta de grabados de Lubinsk. Polonia<\/span><span style=\"font-weight: 400;\"><br><\/span><span style=\"font-weight: 400;\"> &nbsp; &nbsp; &nbsp; &nbsp; &nbsp; Muestra de Litograf\u00eda, Museo Eduardo S\u00edvori. Buenos Aires<\/span><span style=\"font-weight: 400;\"><br><\/span><b>1998<\/b><span style=\"font-weight: 400;\"> &nbsp; <\/span><i><span style=\"font-weight: 400;\">Gr\u00e1fica Experimental,<\/span><\/i><span style=\"font-weight: 400;\"> Fundaci\u00f3n Andreani. Buenos Aires<\/span><span style=\"font-weight: 400;\"><br><\/span><i><span style=\"font-weight: 400;\"> &nbsp; &nbsp; &nbsp; &nbsp; &nbsp; Grabadores Argentinos Contempor\u00e1neos,<\/span><\/i><span style=\"font-weight: 400;\"> Galer\u00eda Hoy en el Arte.&nbsp; Buenos Aires<\/span><span style=\"font-weight: 400;\"><br><\/span><span style=\"font-weight: 400;\"> &nbsp; &nbsp; &nbsp; &nbsp; &nbsp; XLIII Sal\u00f3n Manuel Belgrano, Museo Eduardo S\u00edvori. Buenos Aires<\/span><span style=\"font-weight: 400;\"><br><\/span><i><span style=\"font-weight: 400;\">&nbsp; &nbsp; &nbsp; &nbsp; &nbsp; Cinco m\u00e1s Siete<\/span><\/i><span style=\"font-weight: 400;\"> Galer\u00eda Archimboldo. Buenos Aires<\/span><span style=\"font-weight: 400;\"><br><\/span><b>1997<\/b> <span style=\"font-weight: 400;\">V Bienal de Dibujo. Santo Domingo. Rep\u00fablica Dominicana<\/span><span style=\"font-weight: 400;\"><br><\/span><span style=\"font-weight: 400;\"> &nbsp; &nbsp; &nbsp; &nbsp; &nbsp; IX Print Biennial Varna. Bulgaria<\/span><span style=\"font-weight: 400;\"><br><\/span><span style=\"font-weight: 400;\"> &nbsp; &nbsp; &nbsp; &nbsp; &nbsp; I Bienal de Pintura Avon. Buenos Aires<\/span><span style=\"font-weight: 400;\"><br><\/span><span style=\"font-weight: 400;\"> &nbsp; &nbsp; &nbsp; &nbsp; &nbsp; Leonora Vega Gallery, Nueva York. U.S.A.<\/span><span style=\"font-weight: 400;\"><br><\/span><span style=\"font-weight: 400;\"> &nbsp; &nbsp; &nbsp; &nbsp; &nbsp; Kumho Museum of Art, Seul. Corea del Sur<\/span><span style=\"font-weight: 400;\"><br><\/span><i><span style=\"font-weight: 400;\"> &nbsp; &nbsp; &nbsp; &nbsp; &nbsp; Litograf\u00eda Argentina Contempor\u00e1nea<\/span><\/i><span style=\"font-weight: 400;\">. Segunda Edici\u00f3n. Museos:<\/span><span style=\"font-weight: 400;\"><br><\/span><span style=\"font-weight: 400;\"> &nbsp; &nbsp; &nbsp; &nbsp; &nbsp; Eduardo S\u00edvori, Buenos Aires; Nacional de Grabado, Buenos Aires;<\/span><span style=\"font-weight: 400;\"><br><\/span><span style=\"font-weight: 400;\"> &nbsp; &nbsp; &nbsp; &nbsp; &nbsp; Provincial de Bellas Artes Emilio Caraffa, C\u00f3rdoba. Argentina; Centro<\/span><span style=\"font-weight: 400;\"><br><\/span><span style=\"font-weight: 400;\"> &nbsp; &nbsp; &nbsp; &nbsp; &nbsp; Cultural Nordeste, Resistencia, Chaco. Argentina<\/span><span style=\"font-weight: 400;\"><br><\/span><b>1996<\/b> <span style=\"font-weight: 400;\">Premio Abril de Arte &amp; Antig\u00fcedades, Museo Metropolitano. Buenos Aires<\/span><span style=\"font-weight: 400;\"><br><\/span><i><span style=\"font-weight: 400;\"> &nbsp; &nbsp; &nbsp; &nbsp; &nbsp; Homenaje a Frida Kahlo<\/span><\/i><span style=\"font-weight: 400;\">, Centro Cultural Recoleta. Buenos Aires<\/span><span style=\"font-weight: 400;\"><br><\/span><i><span style=\"font-weight: 400;\"> &nbsp; &nbsp; &nbsp; &nbsp; &nbsp; 5 Artistas Argentinos Sobre Papel,<\/span><\/i><span style=\"font-weight: 400;\"> C\u00f3dice Galer\u00eda de Arte Contempor\u00e1neo, Centro Cultural Managua. Nicaragua<\/span><span style=\"font-weight: 400;\"><br><\/span><span style=\"font-weight: 400;\"> &nbsp; &nbsp; &nbsp; &nbsp; &nbsp; Bienal de Dibujo, Instituto de Cultura Puertorrique\u00f1a. San Juan. Puerto Rico<\/span><span style=\"font-weight: 400;\"><br><\/span><b>1995<\/b><span style=\"font-weight: 400;\"> &nbsp; IV Bienal Latinoamericana de Dibujo. Santo Domingo. Rep\u00fablica Dominicana<\/span><span style=\"font-weight: 400;\"><br><\/span><span style=\"font-weight: 400;\"> &nbsp; &nbsp; &nbsp; &nbsp; &nbsp; Satyric\u00f3n, Print Show. Polonia<\/span><span style=\"font-weight: 400;\"><br><\/span><span style=\"font-weight: 400;\"> &nbsp; &nbsp; &nbsp; &nbsp; &nbsp; Premio Security. Buenos Aires<\/span><span style=\"font-weight: 400;\"><br><\/span><span style=\"font-weight: 400;\"> &nbsp; &nbsp; &nbsp; &nbsp; &nbsp; International Print Biennal, Taipei, Taiwan. China<\/span><span style=\"font-weight: 400;\"><br><\/span><b>1994<\/b><span style=\"font-weight: 400;\"> &nbsp; <\/span><i><span style=\"font-weight: 400;\">Comida y Artistas<\/span><\/i><span style=\"font-weight: 400;\">, Galer\u00eda Arte Aplicada, San Pablo. Brasil<\/span><span style=\"font-weight: 400;\"><br><\/span><span style=\"font-weight: 400;\"> &nbsp; &nbsp; &nbsp; &nbsp; &nbsp; Premio Chandon de Grabados, Museo Nacional de Bellas Artes. Buenos Aires<\/span><span style=\"font-weight: 400;\"><br><\/span><i><span style=\"font-weight: 400;\"> &nbsp; &nbsp; &nbsp; &nbsp; &nbsp; Arte Sacro<\/span><\/i><span style=\"font-weight: 400;\">, Museo de Arte Decorativo. Buenos Aires<\/span><span style=\"font-weight: 400;\"><br><\/span><span style=\"font-weight: 400;\"> &nbsp; &nbsp; &nbsp; &nbsp; &nbsp; Cuprum VI Lubin, Polonia<\/span><span style=\"font-weight: 400;\"><br><\/span><i><span style=\"font-weight: 400;\"> &nbsp; &nbsp; &nbsp; &nbsp; &nbsp; Arte Ecol\u00f3gico<\/span><\/i><span style=\"font-weight: 400;\">, Sheraton Hotel. Buenos Aires<\/span><span style=\"font-weight: 400;\"><br><\/span><span style=\"font-weight: 400;\"> &nbsp; &nbsp; &nbsp; &nbsp; &nbsp; IX Bienal Domec, Ciudad de M\u00e9xico. M\u00e9xico<\/span><span style=\"font-weight: 400;\"><br><\/span><b>1993<\/b> <span style=\"font-weight: 400;\">X Bienal, San Juan. Puerto Rico<\/span><span style=\"font-weight: 400;\"><br><\/span><span style=\"font-weight: 400;\"> &nbsp; &nbsp; &nbsp; &nbsp; &nbsp; Bienal Varna. Yugoslavia<\/span><span style=\"font-weight: 400;\"><br><\/span><b>1992<\/b><span style=\"font-weight: 400;\"> &nbsp; <\/span><i><span style=\"font-weight: 400;\">2 x 2<\/span><\/i><span style=\"font-weight: 400;\">, Galer\u00eda del Instituto Cultural Brasil-Argentina, R\u00edo de Janeiro. Brasil<\/span><span style=\"font-weight: 400;\"><br><\/span><b>1991<\/b> <span style=\"font-weight: 400;\">Intergrafic. Alemania.<\/span><span style=\"font-weight: 400;\"><br><\/span><span style=\"font-weight: 400;\"> &nbsp; &nbsp; &nbsp; &nbsp; &nbsp; IX Bienal de Grabado Latinoamericano, Instituto de Cultura Puertorrique\u00f1a. San Juan. Puerto Rico<\/span><span style=\"font-weight: 400;\"><br><\/span><i><span style=\"font-weight: 400;\"> &nbsp; &nbsp; &nbsp; &nbsp; &nbsp; Cuatro Mujeres Grabadoras<\/span><\/i><span style=\"font-weight: 400;\">, Galer\u00eda Folgar, Punta del Este. Uruguay<\/span><span style=\"font-weight: 400;\"><br><\/span><b>1990 <\/b><span style=\"font-weight: 400;\">&nbsp;&nbsp;<\/span><i><span style=\"font-weight: 400;\">Mujeres en el Arte,<\/span><\/i><span style=\"font-weight: 400;\"> Museo de Arte Moderno. Buenos Aires<\/span><span style=\"font-weight: 400;\"><br><\/span><span style=\"font-weight: 400;\"> &nbsp; &nbsp; &nbsp; &nbsp; &nbsp; Hoy en el Arte, Galer\u00eda Teresa Najman. Buenos Aires<\/span><span style=\"font-weight: 400;\"><br><\/span><span style=\"font-weight: 400;\"> &nbsp; &nbsp; &nbsp; &nbsp; &nbsp; Citibank\/Citicorp. Buenos Aires<\/span><span style=\"font-weight: 400;\"><br><\/span><b>1989<\/b> <span style=\"font-weight: 400;\">Museo Omar Rayo. Bogot\u00e1. Colombia<\/span><span style=\"font-weight: 400;\"><br><\/span><span style=\"font-weight: 400;\"> &nbsp; &nbsp; &nbsp; &nbsp; &nbsp; International Print Biennal Taipei, Taiwan. China<\/span><span style=\"font-weight: 400;\"><br><\/span><span style=\"font-weight: 400;\"> &nbsp; &nbsp; &nbsp; &nbsp; &nbsp; International Print Triennal. Noruega<\/span><span style=\"font-weight: 400;\"><br><\/span><span style=\"font-weight: 400;\"> &nbsp; &nbsp; &nbsp; &nbsp; &nbsp; Galer\u00eda Arte Aplicada, San Pablo. Brasil.<\/span><span style=\"font-weight: 400;\"><br><\/span><b>1988 <\/b><span style=\"font-weight: 400;\">&nbsp;&nbsp;<\/span><i><span style=\"font-weight: 400;\">Gr\u00e1fica y Espacio Instalaci\u00f3n<\/span><\/i><span style=\"font-weight: 400;\">, Centro Cultural Recoleta. Buenos Aires<\/span><span style=\"font-weight: 400;\"><br><\/span><i><span style=\"font-weight: 400;\"> &nbsp; &nbsp; &nbsp; &nbsp; &nbsp; Grupo Gr\u00e1fica Experimental<\/span><\/i><span style=\"font-weight: 400;\">, Fundaci\u00f3n Banco Patricios. Buenos Aires<\/span><span style=\"font-weight: 400;\"><br><\/span><i><span style=\"font-weight: 400;\"> &nbsp; &nbsp; &nbsp; &nbsp; &nbsp; El Pensamiento Lineal,<\/span><\/i><span style=\"font-weight: 400;\">&nbsp; Fundaci\u00f3n San Telmo. Buenos Aires<\/span><span style=\"font-weight: 400;\"><br><\/span><b>1987<\/b> <span style=\"font-weight: 400;\">Los Andes Sala Sindel, Baden-Baden. Alemania<\/span><span style=\"font-weight: 400;\"><br><\/span><span style=\"font-weight: 400;\"> &nbsp; &nbsp; &nbsp; &nbsp; &nbsp; Horta Gallery, Bruselas. B\u00e9lgica<\/span><span style=\"font-weight: 400;\"><br><\/span><span style=\"font-weight: 400;\"> &nbsp; &nbsp; &nbsp; &nbsp; &nbsp; Casa Argentina, Roma. Italia<\/span><span style=\"font-weight: 400;\"><br><\/span><span style=\"font-weight: 400;\"> &nbsp; &nbsp; &nbsp; &nbsp; &nbsp; Edison Gallery, The Hague. Holanda<\/span><span style=\"font-weight: 400;\"><br><\/span><i><span style=\"font-weight: 400;\"> &nbsp; &nbsp; &nbsp; &nbsp; &nbsp; Gr\u00e1fica Experimental.<\/span><\/i><span style=\"font-weight: 400;\"> Museo Provincial de Bellas Artes. La Plata. Provincia de Buenos Aires<\/span><span style=\"font-weight: 400;\"><br><\/span><b>1986<\/b> <span style=\"font-weight: 400;\">V Bienal de Arte, Instituto Domecq. Ciudad de M\u00e9jico. M\u00e9jico<\/span><span style=\"font-weight: 400;\"><br><\/span><i><span style=\"font-weight: 400;\"> &nbsp; &nbsp; &nbsp; &nbsp; &nbsp; Artistas Argentinos<\/span><\/i><span style=\"font-weight: 400;\">, V Bienal de Arte Instituto Domecq, Galer\u00eda Praxis. Buenos Aires &nbsp; &nbsp; &nbsp; &nbsp; &nbsp; &nbsp; <\/span><span style=\"font-weight: 400;\"><br><\/span><span style=\"font-weight: 400;\"> &nbsp; &nbsp; &nbsp; &nbsp; &nbsp; Premio Beca, Museo de Arte Moderno. Buenos Aires<\/span><span style=\"font-weight: 400;\"><br><\/span><i><span style=\"font-weight: 400;\"> &nbsp; &nbsp; &nbsp; &nbsp; &nbsp; 10 Artistas Argentinos,<\/span><\/i><span style=\"font-weight: 400;\"> Museo Emilio Caraffa. C\u00f3rdoba. Argentina<\/span><span style=\"font-weight: 400;\"><br><\/span><i><span style=\"font-weight: 400;\"> &nbsp; &nbsp; &nbsp; &nbsp; &nbsp; Grabado Experimental,<\/span><\/i><span style=\"font-weight: 400;\"> Museo Eduardo S\u00edvori. Buenos Aires<\/span><span style=\"font-weight: 400;\"><br><\/span><span style=\"font-weight: 400;\"> &nbsp; &nbsp; &nbsp; &nbsp; &nbsp; Los Andes Galer\u00eda Atica, Muestra Itinerante por Europa<\/span><span style=\"font-weight: 400;\"><br><\/span><b>1985<\/b><span style=\"font-weight: 400;\"> &nbsp; <\/span><i><span style=\"font-weight: 400;\">Arte para Muchos<\/span><\/i><span style=\"font-weight: 400;\">, Museo Eduardo S\u00edvori. Buenos Aires<\/span><span style=\"font-weight: 400;\"><br><\/span><span style=\"font-weight: 400;\"> &nbsp; &nbsp; &nbsp; &nbsp; &nbsp; Aleph Gallery, Mil\u00e1n. Italia<\/span><span style=\"font-weight: 400;\"><br><\/span><span style=\"font-weight: 400;\"> &nbsp; &nbsp; &nbsp; &nbsp; &nbsp; Premio Planteo, Galer\u00eda Centoira, Buenos Aires<\/span><span style=\"font-weight: 400;\"><br><\/span><b>1984<\/b><span style=\"font-weight: 400;\"> &nbsp; <\/span><i><span style=\"font-weight: 400;\">Colecci\u00f3n Navarro Correas<\/span><\/i><span style=\"font-weight: 400;\">, Museo de Arte Moderno, San Pablo. Brasil<\/span><span style=\"font-weight: 400;\"><br><\/span><i><span style=\"font-weight: 400;\"> &nbsp; &nbsp; &nbsp; &nbsp; &nbsp; Grabadores Argentinos en Venecia,<\/span><\/i><span style=\"font-weight: 400;\"> Galer\u00eda, Venezia Viva, Venecia. Italia<\/span><span style=\"font-weight: 400;\"><br><\/span><span style=\"font-weight: 400;\"> &nbsp; &nbsp; &nbsp; &nbsp; &nbsp; Bienal de Grabado, Curitiba. Brasil.<\/span><span style=\"font-weight: 400;\"><br><\/span><i><span style=\"font-weight: 400;\"> &nbsp; &nbsp; &nbsp; &nbsp; &nbsp; Im\u00e1genes de Francia<\/span><\/i><span style=\"font-weight: 400;\">, Premio Air France, CAYC. Buenos Aires<\/span><span style=\"font-weight: 400;\"><br><\/span><i><span style=\"font-weight: 400;\"> &nbsp; &nbsp; &nbsp; &nbsp; &nbsp; Homenaje a los \u00d3rganos Sagrados<\/span><\/i><span style=\"font-weight: 400;\">, Galer\u00eda Crearte. Buenos Aires<\/span><span style=\"font-weight: 400;\"><br><\/span><b>1983 <\/b><span style=\"font-weight: 400;\">&nbsp;&nbsp;<\/span><i><span style=\"font-weight: 400;\">Objeto del Objeto,<\/span><\/i><span style=\"font-weight: 400;\"> Museo de Arte Moderno. Buenos Aires<\/span><span style=\"font-weight: 400;\"><br><\/span><b>1981<\/b><span style=\"font-weight: 400;\"> &nbsp; Galer\u00eda Avril, Ciudad de M\u00e9jico. M\u00e9jico<\/span><span style=\"font-weight: 400;\"><br><\/span><span style=\"font-weight: 400;\"> &nbsp; &nbsp; &nbsp; &nbsp; &nbsp; Galer\u00eda Atica, Semana de la Cr\u00edtica. Buenos Aires<\/span><span style=\"font-weight: 400;\"><br><\/span><i><span style=\"font-weight: 400;\"> &nbsp; &nbsp; &nbsp; &nbsp; &nbsp; Pl\u00e1sticos J\u00f3venes y sus Maestros<\/span><\/i><span style=\"font-weight: 400;\">, Galer\u00eda Praxis. Buenos Aires<\/span><span style=\"font-weight: 400;\"><br><\/span><b>1979 <\/b><span style=\"font-weight: 400;\">&nbsp;&nbsp;Galer\u00eda Arte Aplicada, San Pablo. Brasil<\/span><span style=\"font-weight: 400;\"><br><\/span><i><span style=\"font-weight: 400;\"> &nbsp; &nbsp; &nbsp; &nbsp; &nbsp; Dibujantes Argentinos<\/span><\/i><span style=\"font-weight: 400;\">, CAYC, Buenos Aires<\/span><span style=\"font-weight: 400;\"><br><\/span><i><span style=\"font-weight: 400;\"> &nbsp; &nbsp; &nbsp; &nbsp; &nbsp; Arte Gr\u00e1fico Latinoamericano,<\/span><\/i><span style=\"font-weight: 400;\"> Quito. Ecuador<\/span><span style=\"font-weight: 400;\"><br><\/span><b>1978<\/b><span style=\"font-weight: 400;\"> &nbsp; <\/span><i><span style=\"font-weight: 400;\">Actuales Tendencias del Dibujo en la Argentina,<\/span><\/i><span style=\"font-weight: 400;\"> Galer\u00eda Praxis. Buenos Aires<\/span><span style=\"font-weight: 400;\"><br><\/span><i><span style=\"font-weight: 400;\"> &nbsp; &nbsp; &nbsp; &nbsp; &nbsp; Arte Er\u00f3tico,<\/span><\/i><span style=\"font-weight: 400;\"> Galer\u00eda Praxis. Buenos Aires<\/span><span style=\"font-weight: 400;\"><br><\/span><i><span style=\"font-weight: 400;\"> &nbsp; &nbsp; &nbsp; &nbsp; &nbsp; Images et Messages d\u2019Amerique Latine<\/span><\/i><span style=\"font-weight: 400;\">. Ville Parisi. Francia<\/span><span style=\"font-weight: 400;\"><br><\/span><b>1977<\/b><span style=\"font-weight: 400;\"> &nbsp; Fundaci\u00f3n Joan Mir\u00f3, CAYC, Barcelona, Espa\u00f1a.<\/span><span style=\"font-weight: 400;\"><br><\/span><i><span style=\"font-weight: 400;\"> &nbsp; &nbsp; &nbsp; &nbsp; &nbsp; Arte Actual Iberoamericano,<\/span><\/i><span style=\"font-weight: 400;\"> Instituto de Cultura Hisp\u00e1nica, Madrid. Espa\u00f1a<\/span><span style=\"font-weight: 400;\"><br><\/span><span style=\"font-weight: 400;\"> &nbsp; &nbsp; &nbsp; &nbsp; &nbsp; Art Core Gallery, Kyoto. Jap\u00f3n.<\/span><span style=\"font-weight: 400;\"><br><\/span><b>1975<\/b><span style=\"font-weight: 400;\"> &nbsp; <\/span><i><span style=\"font-weight: 400;\">Memoria de Lola Mora,<\/span><\/i><span style=\"font-weight: 400;\"> Museo de Bellas Artes. Luj\u00e1n. Pcia. de Buenos Aires<\/span><span style=\"font-weight: 400;\"><br><\/span><span style=\"font-weight: 400;\"> &nbsp; &nbsp; &nbsp; &nbsp; &nbsp; XI Sal\u00f3n Nacional de Dibujo y Grabado. Buenos Aires<\/span><span style=\"font-weight: 400;\"><br><\/span><b>1974 <\/b><span style=\"font-weight: 400;\">&nbsp;&nbsp;II Sal\u00f3n Nacional de Artistas Pl\u00e1sticas, Grabado y Dibujo, Fundaci\u00f3n<\/span><span style=\"font-weight: 400;\"><br><\/span><span style=\"font-weight: 400;\"> &nbsp; &nbsp; &nbsp; &nbsp; &nbsp; Isidoro Steimberg. Buenos Aires.<\/span><span style=\"font-weight: 400;\"><br><\/span><span style=\"font-weight: 400;\"> &nbsp; &nbsp; &nbsp; &nbsp; &nbsp; Bienal de Grabado Carlos Filevich, Museo Eduardo S\u00edvori. Buenos Aires.<\/span><span style=\"font-weight: 400;\"><br><\/span><b>1973<\/b><span style=\"font-weight: 400;\"> &nbsp; Sal\u00f3n Nacional de Grabado y Dibujo, Salas Nacionales de Exposici\u00f3n, Buenos Aires<\/span><span style=\"font-weight: 400;\"><br><\/span><span style=\"font-weight: 400;\"> &nbsp; &nbsp; &nbsp; &nbsp; &nbsp; IX Muestra Nacional de J\u00f3venes Artistas, Sociedad Hebraica. Buenos Aires.<\/span><span style=\"font-weight: 400;\"><br><\/span><b>1972<\/b> <span style=\"font-weight: 400;\">Sal\u00f3n Manuel Belgrano. Museo Eduardo S\u00edvori. Buenos Aires<\/span><\/p>\n<p><b>Premios y Distinciones \u2013 <\/b><b><i>Awards<\/i><\/b><\/p>\n<p><b>2013<\/b> <span style=\"font-weight: 400;\">Premio de Grabado, Museo Rosa Galisteo de Rodr\u00edguez. Santa Fe. Argentina<\/span><span style=\"font-weight: 400;\"><br><\/span><b>2012<\/b> <span style=\"font-weight: 400;\">Primer Premio de Grabado Sal\u00f3n Pampeano de Artes Pl\u00e1sticas, <\/span><span style=\"font-weight: 400;\"><br><\/span><span style=\"font-weight: 400;\">&nbsp; &nbsp; &nbsp; &nbsp; &nbsp; &nbsp; <\/span> <span style=\"font-weight: 400;\">Santa Rosa. La Pampa. Argentina<\/span><span style=\"font-weight: 400;\"><br><\/span><span style=\"font-weight: 400;\">&nbsp; &nbsp; &nbsp; &nbsp; &nbsp; &nbsp; &nbsp; &nbsp; Menci\u00f3n Premio Trabucco, Academia de Bellas Artes. Argentina<\/span><span style=\"font-weight: 400;\"><br><\/span><span style=\"font-weight: 400;\">&nbsp; &nbsp; &nbsp; &nbsp; &nbsp; &nbsp; &nbsp; &nbsp; Centro Cultural Recoleta. Buenos Aires<\/span><span style=\"font-weight: 400;\"><br><\/span><span style=\"font-weight: 400;\">&nbsp; &nbsp; &nbsp; &nbsp; &nbsp; &nbsp; &nbsp; &nbsp; Premio Konex de Grabado. Buenos Aires<\/span><span style=\"font-weight: 400;\"><br><\/span><span style=\"font-weight: 400;\">&nbsp; &nbsp; &nbsp; &nbsp; &nbsp; &nbsp; &nbsp; &nbsp; Personalidad Destacada de la Cultura. Legislatura de la Ciudad Aut\u00f3noma<\/span><span style=\"font-weight: 400;\"><br><\/span><span style=\"font-weight: 400;\">&nbsp; &nbsp; &nbsp; &nbsp; &nbsp; &nbsp; <\/span> <span style=\"font-weight: 400;\">de Buenos Aires<\/span><span style=\"font-weight: 400;\"><br><\/span><b>2011<\/b> <span style=\"font-weight: 400;\">Segundo Premio de Grabado, Museo Eduardo S\u00edvori. Buenos Aires<\/span><span style=\"font-weight: 400;\"><br><\/span><b>2008<\/b> <span style=\"font-weight: 400;\">Premio Adquisici\u00f3n, Banco Naci\u00f3n. Buenos Aires<\/span><span style=\"font-weight: 400;\"><br><\/span><b>2007 <\/b><span style=\"font-weight: 400;\">&nbsp;&nbsp;Gran Premio de Grabado Museo Guaman Poma. Entre R\u00edos. Argentina<\/span><span style=\"font-weight: 400;\"><br><\/span><b>2005 <\/b><span style=\"font-weight: 400;\">&nbsp;&nbsp;Distinguida Labor en el \u00c1mbito de las Artes. Legislatura de la Ciudad Aut\u00f3noma de Buenos Aires<\/span><span style=\"font-weight: 400;\"><br><\/span><b>2001<\/b> <span style=\"font-weight: 400;\">Gran Premio de Honor de Grabado, Sal\u00f3n Nacional, Buenos Aires.<\/span><span style=\"font-weight: 400;\"><br><\/span><span style=\"font-weight: 400;\"> &nbsp; &nbsp; &nbsp; &nbsp; &nbsp; Premio de Grabado, Museo Rosa Galisteo de Rodr\u00edguez. Santa Fe. Argentina.<\/span><span style=\"font-weight: 400;\"><br><\/span><b>1998<\/b> <span style=\"font-weight: 400;\">Menci\u00f3n Especial de Grabado, Sal\u00f3n Manuel Belgrano. Museo<\/span><span style=\"font-weight: 400;\"><br><\/span><span style=\"font-weight: 400;\"> &nbsp; &nbsp; &nbsp; &nbsp; &nbsp; Eduardo S\u00edvori. Buenos Aires<\/span><span style=\"font-weight: 400;\"><br><\/span><b>1994<\/b> <span style=\"font-weight: 400;\">2do Premio Grabado, Villa Constituci\u00f3n. Santa Fe. Argentina<\/span><span style=\"font-weight: 400;\"><br><\/span><b>1990<\/b> <span style=\"font-weight: 400;\">3er Premio Grabado, Sal\u00f3n Nacional de Grabado. Buenos Aires<\/span><span style=\"font-weight: 400;\"><br><\/span><b>1981 <\/b><span style=\"font-weight: 400;\">&nbsp;&nbsp;3rd Premio Grabado, Sal\u00f3n XXV, San Fernando, Provincia de&nbsp; Buenos Aires<\/span><span style=\"font-weight: 400;\"><br><\/span><span style=\"font-weight: 400;\"> &nbsp; &nbsp; &nbsp; &nbsp; &nbsp; Menci\u00f3n Especial, Ward Salon. Buenos Aires<\/span><span style=\"font-weight: 400;\"><br><\/span><b>1980<\/b> <span style=\"font-weight: 400;\">Menci\u00f3n Especial, Sal\u00f3n Nacional. Buenos Aires<\/span><span style=\"font-weight: 400;\"><br><\/span><b>1977 <\/b><span style=\"font-weight: 400;\">&nbsp;&nbsp;Premio Adquisici\u00f3n Grabado, Sal\u00f3n Nacional. Buenos Aires<\/span><span style=\"font-weight: 400;\"><br><\/span><b>1975<\/b> <span style=\"font-weight: 400;\">Premio Nacional Dr. Genaro P\u00e9rez. C\u00f3rdoba. Argentina<\/span><\/p>\n<p><b>Colecciones \u2013 <\/b><b><i>Collections<\/i><\/b><\/p>\n<p><span style=\"font-weight: 400;\">Pinacoteca del Estado, San Pablo, Brasil \u2022 Consulado General de la Argentina en Nueva York, U.S.A. \u2022 Embajada Argentina en Berl\u00edn, Alemania \u2022 Casa de la Legislatura de Santa Fe,&nbsp; Argentina \u2022 Museo de La Pampa, Argentina \u2022 Museum University of Sipakonm, Tailandia \u2022 Museo de Arte Moderno, Buenos Aires, Argentina \u2022 Museo Provincial de Bellas Artes, Santa Fe. Argentina \u2022 Museo Eduardo S\u00edvori, Buenos Aires, Argentina \u2022 Museo Provincial de Bellas Artes Dr. Pedro E. Mart\u00ednez, Concordia, Entre R\u00edos, Argentina \u2022 Museo Provincial de Bellas Artes, La Plata, Provincia de Buenos Aires, Argentina \u2022 Museo de Energ\u00eda At\u00f3mica, Buenos Aires, Argentina \u2022 Museo del Grabado, Buenos Aires, Argentina \u2022 Museo de Arte Contempor\u00e1neo, Buenos Aires, Argentina \u2022 Citibank\/Citicorp, Buenos Aires, Argentina \u2022&nbsp; Voluntariado de las Casas Reales, Santo Domingo, Rep\u00fablica Dominicana \u2022 Museo Espa\u00f1ol de Arte Contempor\u00e1neo, Madrid, Espa\u00f1a \u2022 Museo Joan Mir\u00f3, Barcelona, Espa\u00f1a. \u2022 Museum of Latinamerican Art, OAS, Washington U.S.A. \u2022 Garnell College, Iowa U.S.A. \u2022 Fredrikstadt Museum, Noruega \u2022 Colecciones privadas en U.S.A., Brasil, Argentina, Francia, Italia y Espa\u00f1a<\/span><\/p>\n<p><b>Publicaciones &#8211; <\/b><b><i>Publications<\/i><\/b><\/p>\n<p><\/p>\n<p><span style=\"font-weight: 400;\">En el a\u00f1o 2018, lanz\u00f3 su cat\u00e1logo <\/span><i><span style=\"font-weight: 400;\">Escrituras 1977-1984 <\/span><\/i><span style=\"font-weight: 400;\">en el marco de su exposici\u00f3n individual en el Museo S\u00edvori. En el 2016, present\u00f3 su libro <\/span><i><span style=\"font-weight: 400;\">Visiones<\/span><\/i><span style=\"font-weight: 400;\"> en el Museo Xul Solar. Su primer libro, sin embargo, fue <\/span><i><span style=\"font-weight: 400;\">Susana Rodr\u00edguez<\/span><\/i><span style=\"font-weight: 400;\"> (Pacheco, Lebenlik, Herrera, Whitelow), publicado y presentado en el a\u00f1o 2005 en el Museo Nacional de Bellas Artes.<\/span><\/p>\n<p><\/p>\n<p><i><span style=\"font-weight: 400;\">In 2018, she published the catalog Escrituras 1977-1984, after her solo show at the Sivori Museum in Buenos Aires. In 2016, she presented her book Visiones at the Xul Solar Museum. Her first book though, and the most complete one, is Susana Rodr\u00edguez, published in the year 2005 and presented in the National Museum of Fine Arts.<\/span><\/i><\/p>\t\t\t\t\t\t\t\t<\/div>\n\t\t\t\t<\/div>\n\t\t\t\t<\/div>\n\t\t<div class=\"elementor-element elementor-element-3b17a7b elementor-hidden-mobile e-flex e-con-boxed e-con e-parent\" data-id=\"3b17a7b\" data-element_type=\"container\" data-e-type=\"container\" data-settings=\"{&quot;background_background&quot;:&quot;classic&quot;}\">\n\t\t\t\t\t<div class=\"e-con-inner\">\n\t\t<div class=\"elementor-element elementor-element-e73b0f5 e-con-full e-flex e-con e-child\" data-id=\"e73b0f5\" data-element_type=\"container\" data-e-type=\"container\">\n\t\t\t\t<div class=\"elementor-element elementor-element-816b1a7 elementor-widget__width-initial elementor-widget elementor-widget-text-editor\" data-id=\"816b1a7\" data-element_type=\"widget\" data-e-type=\"widget\" data-widget_type=\"text-editor.default\">\n\t\t\t\t<div class=\"elementor-widget-container\">\n\t\t\t\t\t\t\t\t\t<p><b>Exposiciones individuales \u2013 <\/b><b><i>Solo Shows<\/i><\/b><\/p><p><b>2022\u00a0 <\/b><i><span style=\"font-weight: 400;\">Susana Rodr\u00edguez<\/span><\/i><span style=\"font-weight: 400;\">, Frieze Masters, Herlitzka + Faria, London<\/span><\/p><p><b>2021\u00a0 <\/b><i><span style=\"font-weight: 400;\">Gris de ausencia, <\/span><\/i><span style=\"font-weight: 400;\">Palacio Pizzurno, Ministerio de Educaci\u00f3n, Buenos Aires<\/span><\/p><p><b>2020<\/b><span style=\"font-weight: 400;\">\u00a0 <\/span><i><span style=\"font-weight: 400;\">Scripta manent<\/span><\/i><span style=\"font-weight: 400;\">, Herlitzka + Faria Gallery, Buenos Aires<\/span><span style=\"font-weight: 400;\"><br \/><\/span><b>2018<\/b><span style=\"font-weight: 400;\">\u00a0 <\/span><i><span style=\"font-weight: 400;\">Escrituras 1977-1984<\/span><\/i><span style=\"font-weight: 400;\">, Museo S\u00edvori. Buenos Aires. &#8211;<\/span><span style=\"font-weight: 400;\"><br \/><\/span><span style=\"font-weight: 400;\">\u00a0 \u00a0 \u00a0 \u00a0 \u00a0 Consulado General de la Argentina, Nueva York. U.S.A. &#8211; <\/span><span style=\"font-weight: 400;\"><br \/><\/span><span style=\"font-weight: 400;\">\u00a0 \u00a0 \u00a0 \u00a0 \u00a0 Three Worlds 1310 Gallery, Fort Lauderdale, Florida<\/span><span style=\"font-weight: 400;\"><br \/><\/span><b>2016<\/b> <span style=\"font-weight: 400;\">Museo Xul Solar: Edici\u00f3n y presentaci\u00f3n del libro VISIONES<\/span><span style=\"font-weight: 400;\"><br \/><\/span><b>2015<\/b> <span style=\"font-weight: 400;\">Galer\u00eda Rubbers Internacional, Buenos Aires. Argentina<\/span><span style=\"font-weight: 400;\"><br \/><\/span><span style=\"font-weight: 400;\"> \u00a0 \u00a0 \u00a0 \u00a0 \u00a0 Museo Municipal de Bellas Artes de Tandil, Pcia. de Buenos Aires.Argentina.<\/span><span style=\"font-weight: 400;\"><br \/><\/span><span style=\"font-weight: 400;\"> \u00a0 \u00a0 \u00a0 \u00a0 \u00a0 Consulado General de la Argentina, Nueva York. U.S.A.<\/span><span style=\"font-weight: 400;\"><br \/><\/span><b>2014<\/b> <span style=\"font-weight: 400;\">Americas Collection Gallery, Miami. U.S.A.<\/span><span style=\"font-weight: 400;\"><br \/><\/span><span style=\"font-weight: 400;\"> \u00a0 \u00a0 \u00a0 \u00a0 \u00a0 NOVA Southwestern University, Florida.<\/span><span style=\"font-weight: 400;\"><br \/><\/span><span style=\"font-weight: 400;\"> \u00a0 \u00a0 \u00a0 \u00a0 \u00a0 Museo de Escultura Brasile\u00f1a, MUBE, San Pablo. Brasil<\/span><span style=\"font-weight: 400;\"><br \/><\/span><b>2013<\/b> <span style=\"font-weight: 400;\">Premio Grabado, Museo Rosa Galisteo de Rodr\u00edguez, Santa Fe. Argentina.<\/span><span style=\"font-weight: 400;\"><br \/><\/span><b>2012<\/b> <span style=\"font-weight: 400;\">Exposici\u00f3n y Nominaci\u00f3n: Personalidad Destacada de la Cultura,<\/span><span style=\"font-weight: 400;\"><br \/><\/span><span style=\"font-weight: 400;\"> \u00a0 \u00a0 \u00a0 \u00a0 \u00a0 Legislatura de la Ciudad Aut\u00f3noma de Buenos Aires<\/span><span style=\"font-weight: 400;\"><br \/><\/span><span style=\"font-weight: 400;\"> \u00a0 \u00a0 \u00a0 \u00a0 \u00a0 Muestra D Larosa, Lurie Gallery, Boca Rat\u00f3n, Florida. U.S.A.<\/span><span style=\"font-weight: 400;\"><br \/><\/span><span style=\"font-weight: 400;\"> \u00a0 \u00a0 \u00a0 \u00a0 \u00a0 Muestra Embajada Argentina, Berl\u00edn. Alemania<\/span><span style=\"font-weight: 400;\"><br \/><\/span><b>2010<\/b> <span style=\"font-weight: 400;\">Museo de Bellas Artes, Salta. Argentina.<\/span><span style=\"font-weight: 400;\"><br \/><\/span><span style=\"font-weight: 400;\"> \u00a0 \u00a0 \u00a0 \u00a0 \u00a0 Agalma Arte. Buenos Aires<\/span><span style=\"font-weight: 400;\"><br \/><\/span><b>2009<\/b><span style=\"font-weight: 400;\"> \u00a0 <\/span><i><span style=\"font-weight: 400;\">La L\u00ednea Piensa<\/span><\/i><span style=\"font-weight: 400;\">, Centro Cultural Borges. Buenos Aires.<\/span><span style=\"font-weight: 400;\"><br \/><\/span><i><span style=\"font-weight: 400;\"> \u00a0 \u00a0 \u00a0 \u00a0 \u00a0 Paintings and Graphic Works<\/span><\/i><span style=\"font-weight: 400;\">, Consulado Gral. de Argentina, Nueva York. U.S.A.<\/span><span style=\"font-weight: 400;\"><br \/><\/span><b>2008<\/b> <span style=\"font-weight: 400;\">Americas Collection Gallery, Miami. U.S.A.<\/span><span style=\"font-weight: 400;\"><br \/><\/span><span style=\"font-weight: 400;\"> \u00a0 \u00a0 \u00a0 \u00a0 \u00a0 43 8th Avenue Gallery, Nueva York. U.S.A.<\/span><span style=\"font-weight: 400;\"><br \/><\/span><b>2007<\/b> <span style=\"font-weight: 400;\">Agalma Arte. Buenos Aires<\/span><span style=\"font-weight: 400;\"><br \/><\/span><span style=\"font-weight: 400;\"> \u00a0 \u00a0 \u00a0 \u00a0 \u00a0 Fifteen Gallery, Fort Lauderdale, Florida. U.S.A.<\/span><span style=\"font-weight: 400;\"><br \/><\/span><span style=\"font-weight: 400;\"> \u00a0 \u00a0 \u00a0 \u00a0 \u00a0 Muestra Escuela Freudiana de Buenos Aires. Buenos Aires<\/span><span style=\"font-weight: 400;\"><br \/><\/span><span style=\"font-weight: 400;\"> \u00a0 \u00a0 \u00a0 \u00a0 \u00a0 Museo Guaman Poma, Entre R\u00edos. Argentina<\/span><span style=\"font-weight: 400;\"><br \/><\/span><b>2005<\/b> <span style=\"font-weight: 400;\">43 8th Avenue Gallery, Nueva York U.S.A.<\/span><span style=\"font-weight: 400;\"><br \/><\/span><span style=\"font-weight: 400;\"> \u00a0 \u00a0 \u00a0 \u00a0 \u00a0 Caja de Arte. Buenos Aires<\/span><span style=\"font-weight: 400;\"><br \/><\/span><span style=\"font-weight: 400;\"> \u00a0 \u00a0 \u00a0 \u00a0 \u00a0 Presentaci\u00f3n del libro <\/span><i><span style=\"font-weight: 400;\">Susana Rodr\u00edguez<\/span><\/i><span style=\"font-weight: 400;\"> (Pacheco, Lebenlik,<\/span><span style=\"font-weight: 400;\"><br \/><\/span><span style=\"font-weight: 400;\"> \u00a0 \u00a0 \u00a0 \u00a0 \u00a0 Herrera, Whitelow) Museo Nacional de Bellas Artes. Buenos Aires<\/span><span style=\"font-weight: 400;\"><br \/><\/span><b>2004<\/b><span style=\"font-weight: 400;\"> \u00a0 <\/span><i><span style=\"font-weight: 400;\">La Piel del Tiempo<\/span><\/i><span style=\"font-weight: 400;\">, Consulado Gral. de Argentina, Nueva York. U.S.A.<\/span><span style=\"font-weight: 400;\"><br \/><\/span><span style=\"font-weight: 400;\"> \u00a0 \u00a0 \u00a0 \u00a0 \u00a0 Cecile\u2019s Love Lane Gallery, Mattituck, Nueva York. U.S.A.<\/span><span style=\"font-weight: 400;\"><br \/><\/span><b>2003<\/b><span style=\"font-weight: 400;\"> \u00a0 <\/span><i><span style=\"font-weight: 400;\">La Piel del Tiempo<\/span><\/i><span style=\"font-weight: 400;\">, Centro Cultural Recoleta, Buenos Aires.<\/span><span style=\"font-weight: 400;\"><br \/><\/span><span style=\"font-weight: 400;\"> \u00a0 \u00a0 \u00a0 \u00a0 \u00a0 Museo de Arte Moderno, Mendoza. Argentina<\/span><span style=\"font-weight: 400;\"><br \/><\/span><b>2002<\/b><span style=\"font-weight: 400;\"> \u00a0 <\/span><i><span style=\"font-weight: 400;\">Portraits of the Soul<\/span><\/i><span style=\"font-weight: 400;\">, JD Smith Gallery, Nueva York. U.S.A.<\/span><span style=\"font-weight: 400;\"><br \/><\/span><b>2001<\/b> <span style=\"font-weight: 400;\">Museo de Bellas Artes, Provincia de Salta. Argentina<\/span><span style=\"font-weight: 400;\"><br \/><\/span><b>2000<\/b> <span style=\"font-weight: 400;\">Fondo Nacional de las Artes, Centro Cultural Recoleta. Buenos Aires<\/span><span style=\"font-weight: 400;\"><br \/><\/span><b>1999<\/b> <span style=\"font-weight: 400;\">Pinacoteca do Estado de San Pablo. Brasil<\/span><span style=\"font-weight: 400;\"><br \/><\/span><b>1998 <\/b><span style=\"font-weight: 400;\">\u00a0\u00a0Galer\u00eda Leonora Vega, Nueva York. U.S.A.<\/span><span style=\"font-weight: 400;\"><br \/><\/span><b>1997<\/b><span style=\"font-weight: 400;\"> \u00a0 <\/span><i><span style=\"font-weight: 400;\">Rompecabezas de la infancia<\/span><\/i><span style=\"font-weight: 400;\">, Centro Cultural Recoleta. Buenos Aires<\/span><span style=\"font-weight: 400;\"><br \/><\/span><b>1996<\/b> <span style=\"font-weight: 400;\">Museo de las Casas Reales, Santo Domingo. Rep\u00fablica Dominicana<\/span><span style=\"font-weight: 400;\"><br \/><\/span><span style=\"font-weight: 400;\"> \u00a0 \u00a0 \u00a0 \u00a0 \u00a0 Liga de Arte, San Juan. Puerto Rico<\/span><span style=\"font-weight: 400;\"><br \/><\/span><span style=\"font-weight: 400;\"> \u00a0 \u00a0 \u00a0 \u00a0 \u00a0 Fondo Nacional de las Artes. Buenos Aires<\/span><span style=\"font-weight: 400;\"><br \/><\/span><b>1995<\/b> <span style=\"font-weight: 400;\">Casa de Cultura Gral. Roca, Provincia de R\u00edo Negro. Argentina<\/span><span style=\"font-weight: 400;\"><br \/><\/span><b>1993<\/b> <span style=\"font-weight: 400;\">Galer\u00eda Julia Lublin. Buenos Aires<\/span><span style=\"font-weight: 400;\"><br \/><\/span><b>1991<\/b> <span style=\"font-weight: 400;\">Galer\u00eda Soudan. Buenos Aires<\/span><span style=\"font-weight: 400;\"><br \/><\/span><span style=\"font-weight: 400;\"> \u00a0 \u00a0 \u00a0 \u00a0 \u00a0 Galer\u00eda Archimboldo. Buenos Aires<\/span><span style=\"font-weight: 400;\"><br \/><\/span><b>1989 <\/b><span style=\"font-weight: 400;\">\u00a0\u00a0<\/span><i><span style=\"font-weight: 400;\">Tres acercamientos a la realidad<\/span><\/i><span style=\"font-weight: 400;\">, Centro Cultural Recoleta. Buenos Aires<\/span><span style=\"font-weight: 400;\"><br \/><\/span><b>1988<\/b> <span style=\"font-weight: 400;\">Museo de Arte Moderno. San Pablo. Brasil<\/span><span style=\"font-weight: 400;\"><br \/><\/span><span style=\"font-weight: 400;\"> \u00a0 \u00a0 \u00a0 \u00a0 \u00a0 Galer\u00eda Atica. Buenos Aires<\/span><span style=\"font-weight: 400;\"><br \/><\/span><b>1986<\/b> <span style=\"font-weight: 400;\">Galer\u00eda Atica. Buenos Aires<\/span><span style=\"font-weight: 400;\"><br \/><\/span><b>1984<\/b> <span style=\"font-weight: 400;\">Galer\u00eda Atica. Buenos Aires<\/span><span style=\"font-weight: 400;\"><br \/><\/span><b>1982<\/b> <span style=\"font-weight: 400;\">Galer\u00eda Arte Aplicada, San Pablo. Brasil<\/span><span style=\"font-weight: 400;\"><br \/><\/span><span style=\"font-weight: 400;\"> \u00a0 \u00a0 \u00a0 \u00a0 \u00a0 Galer\u00eda Alberto El\u00eda. Buenos Aires<\/span><span style=\"font-weight: 400;\"><br \/><\/span><b>1979<\/b> <span style=\"font-weight: 400;\">Galer\u00eda Carlos Roshemburg. Buenos Aires<\/span><span style=\"font-weight: 400;\"><br \/><\/span><b>1978\u00a0 <\/b><span style=\"font-weight: 400;\">\u00a0Galer\u00eda Arte Aplicada, San Pablo. Brasil<\/span><span style=\"font-weight: 400;\"><br \/><\/span><span style=\"font-weight: 400;\"> \u00a0 \u00a0 \u00a0 \u00a0 \u00a0 Galer\u00eda Praxis. Buenos Aires<\/span><span style=\"font-weight: 400;\"><br \/><\/span><b>1976<\/b> <span style=\"font-weight: 400;\">Galer\u00eda Carmen Waugh. Buenos Aires<\/span><span style=\"font-weight: 400;\"><br \/><\/span><b>1973<\/b> <span style=\"font-weight: 400;\">Galer\u00eda H. Buenos Aires<\/span><\/p><p><b>Premios y Distinciones \u2013 <\/b><b><i>Awards<\/i><\/b><\/p><p><b>2013<\/b> <span style=\"font-weight: 400;\">Premio de Grabado, Museo Rosa Galisteo de Rodr\u00edguez. Santa Fe. Argentina<\/span><span style=\"font-weight: 400;\"><br \/><\/span><b>2012<\/b> <span style=\"font-weight: 400;\">Primer Premio de Grabado Sal\u00f3n Pampeano de Artes Pl\u00e1sticas, <\/span><span style=\"font-weight: 400;\"><br \/><\/span><span style=\"font-weight: 400;\">\u00a0 \u00a0 \u00a0 \u00a0 \u00a0 \u00a0 <\/span> <span style=\"font-weight: 400;\">Santa Rosa. La Pampa. Argentina<\/span><span style=\"font-weight: 400;\"><br \/><\/span><span style=\"font-weight: 400;\">\u00a0 \u00a0 \u00a0 \u00a0 \u00a0 \u00a0 \u00a0 \u00a0 Menci\u00f3n Premio Trabucco, Academia de Bellas Artes. Argentina<\/span><span style=\"font-weight: 400;\"><br \/><\/span><span style=\"font-weight: 400;\">\u00a0 \u00a0 \u00a0 \u00a0 \u00a0 \u00a0 \u00a0 \u00a0 Centro Cultural Recoleta. Buenos Aires<\/span><span style=\"font-weight: 400;\"><br \/><\/span><span style=\"font-weight: 400;\">\u00a0 \u00a0 \u00a0 \u00a0 \u00a0 \u00a0 \u00a0 \u00a0 Premio Konex de Grabado. Buenos Aires<\/span><span style=\"font-weight: 400;\"><br \/><\/span><span style=\"font-weight: 400;\">\u00a0 \u00a0 \u00a0 \u00a0 \u00a0 \u00a0 \u00a0 \u00a0 Personalidad Destacada de la Cultura. Legislatura de la Ciudad Aut\u00f3noma<\/span><span style=\"font-weight: 400;\"><br \/><\/span><span style=\"font-weight: 400;\">\u00a0 \u00a0 \u00a0 \u00a0 \u00a0 \u00a0 <\/span> <span style=\"font-weight: 400;\">de Buenos Aires<\/span><span style=\"font-weight: 400;\"><br \/><\/span><b>2011<\/b> <span style=\"font-weight: 400;\">Segundo Premio de Grabado, Museo Eduardo S\u00edvori. Buenos Aires<\/span><span style=\"font-weight: 400;\"><br \/><\/span><b>2008<\/b> <span style=\"font-weight: 400;\">Premio Adquisici\u00f3n, Banco Naci\u00f3n. Buenos Aires<\/span><span style=\"font-weight: 400;\"><br \/><\/span><b>2007 <\/b><span style=\"font-weight: 400;\">\u00a0\u00a0Gran Premio de Grabado Museo Guaman Poma. Entre R\u00edos. Argentina<\/span><span style=\"font-weight: 400;\"><br \/><\/span><b>2005 <\/b><span style=\"font-weight: 400;\">\u00a0\u00a0Distinguida Labor en el \u00c1mbito de las Artes. Legislatura de la Ciudad Aut\u00f3noma de Buenos Aires<\/span><span style=\"font-weight: 400;\"><br \/><\/span><b>2001<\/b> <span style=\"font-weight: 400;\">Gran Premio de Honor de Grabado, Sal\u00f3n Nacional, Buenos Aires.<\/span><span style=\"font-weight: 400;\"><br \/><\/span><span style=\"font-weight: 400;\"> \u00a0 \u00a0 \u00a0 \u00a0 \u00a0 Premio de Grabado, Museo Rosa Galisteo de Rodr\u00edguez. Santa Fe. Argentina.<\/span><span style=\"font-weight: 400;\"><br \/><\/span><b>1998<\/b> <span style=\"font-weight: 400;\">Menci\u00f3n Especial de Grabado, Sal\u00f3n Manuel Belgrano. Museo<\/span><span style=\"font-weight: 400;\"><br \/><\/span><span style=\"font-weight: 400;\"> \u00a0 \u00a0 \u00a0 \u00a0 \u00a0 Eduardo S\u00edvori. Buenos Aires<\/span><span style=\"font-weight: 400;\"><br \/><\/span><b>1994<\/b> <span style=\"font-weight: 400;\">2do Premio Grabado, Villa Constituci\u00f3n. Santa Fe. Argentina<\/span><span style=\"font-weight: 400;\"><br \/><\/span><b>1990<\/b> <span style=\"font-weight: 400;\">3er Premio Grabado, Sal\u00f3n Nacional de Grabado. Buenos Aires<\/span><span style=\"font-weight: 400;\"><br \/><\/span><b>1981 <\/b><span style=\"font-weight: 400;\">\u00a0\u00a03rd Premio Grabado, Sal\u00f3n XXV, San Fernando, Provincia de\u00a0 Buenos Aires<\/span><span style=\"font-weight: 400;\"><br \/><\/span><span style=\"font-weight: 400;\"> \u00a0 \u00a0 \u00a0 \u00a0 \u00a0 Menci\u00f3n Especial, Ward Salon. Buenos Aires<\/span><span style=\"font-weight: 400;\"><br \/><\/span><b>1980<\/b> <span style=\"font-weight: 400;\">Menci\u00f3n Especial, Sal\u00f3n Nacional. Buenos Aires<\/span><span style=\"font-weight: 400;\"><br \/><\/span><b>1977 <\/b><span style=\"font-weight: 400;\">\u00a0\u00a0Premio Adquisici\u00f3n Grabado, Sal\u00f3n Nacional. Buenos Aires<\/span><span style=\"font-weight: 400;\"><br \/><\/span><b>1975<\/b> <span style=\"font-weight: 400;\">Premio Nacional Dr. Genaro P\u00e9rez. C\u00f3rdoba. Argentina<\/span><\/p><p><b>Colecciones \u2013 <\/b><b><i>Collections<\/i><\/b><\/p><p><span style=\"font-weight: 400;\">Pinacoteca del Estado, San Pablo, Brasil \u2022 Consulado General de la Argentina en Nueva York, U.S.A. \u2022 Embajada Argentina en Berl\u00edn, Alemania \u2022 Casa de la Legislatura de Santa Fe,\u00a0 Argentina \u2022 Museo de La Pampa, Argentina \u2022 Museum University of Sipakonm, Tailandia \u2022 Museo de Arte Moderno, Buenos Aires, Argentina \u2022 Museo Provincial de Bellas Artes, Santa Fe. Argentina \u2022 Museo Eduardo S\u00edvori, Buenos Aires, Argentina \u2022 Museo Provincial de Bellas Artes Dr. Pedro E. Mart\u00ednez, Concordia, Entre R\u00edos, Argentina \u2022 Museo Provincial de Bellas Artes, La Plata, Provincia de Buenos Aires, Argentina \u2022 Museo de Energ\u00eda At\u00f3mica, Buenos Aires, Argentina \u2022 Museo del Grabado, Buenos Aires, Argentina \u2022 Museo de Arte Contempor\u00e1neo, Buenos Aires, Argentina \u2022 Citibank\/Citicorp, Buenos Aires, Argentina \u2022\u00a0 Voluntariado de las Casas Reales, Santo Domingo, Rep\u00fablica Dominicana \u2022 Museo Espa\u00f1ol de Arte Contempor\u00e1neo, Madrid, Espa\u00f1a \u2022 Museo Joan Mir\u00f3, Barcelona, Espa\u00f1a. \u2022 Museum of Latinamerican Art, OAS, Washington U.S.A. \u2022 Garnell College, Iowa U.S.A. \u2022 Fredrikstadt Museum, Noruega \u2022 Colecciones privadas en U.S.A., Brasil, Argentina, Francia, Italia y Espa\u00f1a<\/span><\/p><p>\u00a0<\/p><p><b>Publicaciones &#8211; <\/b><b><i>Publications<\/i><\/b><\/p><p><span style=\"font-weight: 400;\">En el a\u00f1o 2018, lanz\u00f3 su cat\u00e1logo <\/span><i><span style=\"font-weight: 400;\">Escrituras 1977-1984 <\/span><\/i><span style=\"font-weight: 400;\">en el marco de su exposici\u00f3n individual en el Museo S\u00edvori. En el 2016, present\u00f3 su libro <\/span><i><span style=\"font-weight: 400;\">Visiones<\/span><\/i><span style=\"font-weight: 400;\"> en el Museo Xul Solar. Su primer libro, sin embargo, fue <\/span><i><span style=\"font-weight: 400;\">Susana Rodr\u00edguez<\/span><\/i><span style=\"font-weight: 400;\"> (Pacheco, Lebenlik, Herrera, Whitelow), publicado y presentado en el a\u00f1o 2005 en el Museo Nacional de Bellas Artes.<\/span><\/p><p><i><span style=\"font-weight: 400;\">In 2018, she published the catalog Escrituras 1977-1984, after her solo show at the Sivori Museum in Buenos Aires. In 2016, she presented her book Visiones at the Xul Solar Museum. Her first book though, and the most complete one, is Susana Rodr\u00edguez, published in the year 2005 and presented in the National Museum of Fine Arts.<\/span><\/i><\/p>\t\t\t\t\t\t\t\t<\/div>\n\t\t\t\t<\/div>\n\t\t\t\t<\/div>\n\t\t<div class=\"elementor-element elementor-element-c412de3 e-con-full e-flex e-con e-child\" data-id=\"c412de3\" data-element_type=\"container\" data-e-type=\"container\">\n\t\t\t\t<div class=\"elementor-element elementor-element-f9faa41 elementor-widget elementor-widget-text-editor\" data-id=\"f9faa41\" data-element_type=\"widget\" data-e-type=\"widget\" data-widget_type=\"text-editor.default\">\n\t\t\t\t<div class=\"elementor-widget-container\">\n\t\t\t\t\t\t\t\t\t<p><b>Muestras colectivas \u2013\u00a0 <\/b><b><i>Group Shows<\/i><\/b><\/p><p><b>2023\u00a0 <\/b><span style=\"font-weight: 400;\">Arte BA, Herlitzka &amp; Co., Buenos Aires<\/span><\/p><p><i><span style=\"font-weight: 400;\">Master Drawings: Drawings from the South of America, <\/span><\/i><span style=\"font-weight: 400;\">Herlitzka + Faria Gallery, Nueva York<\/span><\/p><p><span style=\"font-weight: 400;\">ARCO Madrid, Herlitzka + Faria<\/span><\/p><p><b>2022<\/b><span style=\"font-weight: 400;\">\u00a0 ARCO Madrid, Herlitzka + Faria<br \/><\/span><span style=\"font-weight: 400;\">\u00a0 \u00a0 \u00a0 \u00a0 \u00a0 \u00a0 \u00a0Arte BA, Herlitzka + Faria, Buenos Aires<\/span><\/p><p><b>2021\u00a0 <\/b><i><span style=\"font-weight: 400;\">The secret garden<\/span><\/i><span style=\"font-weight: 400;\">, Henrique Faria, New York\u00a0 \u00a0 \u00a0\u00a0<br \/><\/span><i><span style=\"font-weight: 400;\">\u00a0 \u00a0 \u00a0 \u00a0 \u00a0 \u00a0Terapia, <\/span><\/i><span style=\"font-weight: 400;\">MALBA, Buenos Aires<\/span><\/p><p><b>2020<\/b><span style=\"font-weight: 400;\">\u00a0 <\/span><i><span style=\"font-weight: 400;\">Scripta manent<\/span><\/i><span style=\"font-weight: 400;\">, Herlitzka + Faria Gallery, Buenos Aires<\/span><span style=\"font-weight: 400;\"><br \/><\/span><span style=\"font-weight: 400;\">\u00a0 \u00a0 \u00a0 \u00a0 \u00a0 ARCO, Madrid<\/span><span style=\"font-weight: 400;\"><br \/><\/span><b>2019<\/b><span style=\"font-weight: 400;\">\u00a0 <\/span><i><span style=\"font-weight: 400;\">Ellas<\/span><\/i><span style=\"font-weight: 400;\">, Herlitzka + Faria Gallery, Buenos Aires<\/span><span style=\"font-weight: 400;\"><br \/><\/span><b>2018<\/b><span style=\"font-weight: 400;\">\u00a0 ArteBA, Buenos Aires<\/span><span style=\"font-weight: 400;\"><br \/><\/span><i><span style=\"font-weight: 400;\">\u00a0 \u00a0 \u00a0 \u00a0 \u00a0 Untitled<\/span><\/i><span style=\"font-weight: 400;\">, Henrique + Faria, Miami<\/span><span style=\"font-weight: 400;\"><br \/><\/span><span style=\"font-weight: 400;\">\u00a0 \u00a0 \u00a0 \u00a0 \u00a0 Group show, Henrique + Faria Gallery, Buenos Aires<\/span><span style=\"font-weight: 400;\"><br \/><\/span><b>2017<\/b><span style=\"font-weight: 400;\">\u00a0 Americas Collection Gallery, Coral Gables, Miami. U.S.A<\/span><span style=\"font-weight: 400;\"><br \/><\/span><b>2015<\/b><span style=\"font-weight: 400;\">\u00a0 <\/span><i><span style=\"font-weight: 400;\">Imaginarios Presentes. Imaginarios Futuros.<\/span><\/i><span style=\"font-weight: 400;\"> Casa del Bicentenario.<\/span><span style=\"font-weight: 400;\"><br \/><\/span><span style=\"font-weight: 400;\">\u00a0 \u00a0 \u00a0 \u00a0 \u00a0 Buenos Aires<\/span><span style=\"font-weight: 400;\"><br \/><\/span><b>2014<\/b><span style=\"font-weight: 400;\">\u00a0 Americas Collection Gallery, Miami. U.S.A.<\/span><span style=\"font-weight: 400;\"><br \/><\/span><b>2013<\/b><span style=\"font-weight: 400;\">\u00a0 <\/span><i><span style=\"font-weight: 400;\">Discursos Gr\u00e1ficos,<\/span><\/i><span style=\"font-weight: 400;\"> Centro Cultural OSDE, Buenos Aires<\/span><span style=\"font-weight: 400;\"><br \/><\/span><span style=\"font-weight: 400;\">\u00a0 \u00a0 \u00a0 \u00a0 \u00a0 La L\u00ednea Piensa, Centro Cultural Borges. Buenos Aires<\/span><span style=\"font-weight: 400;\"><br \/><\/span><b>2012<\/b><span style=\"font-weight: 400;\">\u00a0 D\u2019Larosa-Lurie Gallery, Boca Rat\u00f3n, Florida. U.S.A.<\/span><span style=\"font-weight: 400;\"><br \/><\/span><b>2011<\/b><span style=\"font-weight: 400;\">\u00a0 Americas Collection Gallery, Coral Gables, Miami. U.S.A.<\/span><span style=\"font-weight: 400;\"><br \/><\/span><b>2010<\/b><span style=\"font-weight: 400;\">\u00a0 Gr\u00e1fica Experimental, Rosario, Santa Fe. Argentina<\/span><span style=\"font-weight: 400;\"><br \/><\/span><b>2009<\/b><span style=\"font-weight: 400;\">\u00a0 Artistas Argentinas, Salas de Exposici\u00f3n de la Legislatura de la Ciudad Aut\u00f3noma de Buenos Aires<\/span><span style=\"font-weight: 400;\"><br \/><\/span><span style=\"font-weight: 400;\">\u00a0 \u00a0 \u00a0 \u00a0 \u00a0 <\/span><i><span style=\"font-weight: 400;\">Dibujos<\/span><\/i><span style=\"font-weight: 400;\">, Galer\u00eda Rubbers Internacional. Buenos Aires<\/span><span style=\"font-weight: 400;\"><br \/><\/span><span style=\"font-weight: 400;\">\u00a0 \u00a0 \u00a0 \u00a0 \u00a0 Muestra Premio Banco Naci\u00f3n. Buenos Aires<\/span><span style=\"font-weight: 400;\"><br \/><\/span><b>2008<\/b><span style=\"font-weight: 400;\">\u00a0 The Beauty of Paper, Art Pick, Americas Collection Gallery, Miami. U.S.A.<\/span><span style=\"font-weight: 400;\"><br \/><\/span><b>2007<\/b><span style=\"font-weight: 400;\">\u00a0 Woman\u2019s Park, Miami. U.S.A.<\/span><span style=\"font-weight: 400;\"><br \/><\/span><span style=\"font-weight: 400;\">\u00a0 \u00a0 \u00a0 \u00a0 \u00a0 Lurie Gallery, Los Angeles. U.S.A.<\/span><span style=\"font-weight: 400;\"><br \/><\/span><span style=\"font-weight: 400;\">\u00a0 \u00a0 \u00a0 \u00a0 \u00a0 Amor Amor, Galer\u00eda Zurbar\u00e1n, C\u00f3rdoba. Argentina<\/span><span style=\"font-weight: 400;\"><br \/><\/span><b>2006<\/b><span style=\"font-weight: 400;\">\u00a0 <\/span><i><span style=\"font-weight: 400;\">Works on paper<\/span><\/i><span style=\"font-weight: 400;\">, Flux Factory. Nueva York, U.S.A.<\/span><span style=\"font-weight: 400;\"><br \/><\/span><span style=\"font-weight: 400;\">\u00a0 \u00a0 \u00a0 \u00a0 \u00a0 Sal\u00f3n Nacional de Dibujo y Grabado. Entre R\u00edos, Argentina<\/span><span style=\"font-weight: 400;\"><br \/><\/span><i><span style=\"font-weight: 400;\">\u00a0 \u00a0 \u00a0 \u00a0 \u00a0 21 artistas y su visi\u00f3n del pais<\/span><\/i><span style=\"font-weight: 400;\">, Centro Cultural Caras y Caretas. Buenos Aires<\/span><span style=\"font-weight: 400;\"><br \/><\/span><b>2004<\/b><span style=\"font-weight: 400;\">\u00a0 Piel de Papel, Palais de Glace. Buenos Aires<\/span><span style=\"font-weight: 400;\"><br \/><\/span><span style=\"font-weight: 400;\">\u00a0 \u00a0 \u00a0 \u00a0 \u00a0 The Silom Gallery. Bangkok, Silpakonm University, Tailandia<\/span><span style=\"font-weight: 400;\"><br \/><\/span><i><span style=\"font-weight: 400;\">\u00a0 \u00a0 \u00a0 \u00a0 \u00a0 Libros de Artistas,<\/span><\/i><span style=\"font-weight: 400;\"> Museo Nacional de Grabado, Buenos Aires<\/span><span style=\"font-weight: 400;\"><br \/><\/span><span style=\"font-weight: 400;\">\u00a0 \u00a0 \u00a0 \u00a0 \u00a0 Presentaci\u00f3n del libro Piel de Papel por Rodrigo Alonso. Caja de Arte. Buenos Aires<\/span><span style=\"font-weight: 400;\"><br \/><\/span><span style=\"font-weight: 400;\">\u00a0 \u00a0 \u00a0 \u00a0 \u00a0 Casa de la Cultura de Pergamino. Buenos Aires<\/span><span style=\"font-weight: 400;\"><br \/><\/span><span style=\"font-weight: 400;\">\u00a0 \u00a0 \u00a0 \u00a0 \u00a0 Expotrastiendas. Buenos Aires<\/span><span style=\"font-weight: 400;\"><br \/><\/span><b>2003<\/b><span style=\"font-weight: 400;\">\u00a0 International Print and Drawing Exhibition,Thailand-Silpakonm University. Tailandia<\/span><span style=\"font-weight: 400;\"><br \/><\/span><span style=\"font-weight: 400;\">\u00a0 \u00a0 \u00a0 \u00a0 \u00a0 Premio de dibujo Trabucco de la Academia Nacional de Bellas Artes. Centro Cultural Borges. Buenos Aires<\/span><span style=\"font-weight: 400;\"><br \/><\/span><span style=\"font-weight: 400;\">\u00a0 \u00a0 \u00a0 \u00a0 \u00a0 Arte BA: Libro <\/span><i><span style=\"font-weight: 400;\">Piel de Papel<\/span><\/i><span style=\"font-weight: 400;\">. Buenos Aires<\/span><span style=\"font-weight: 400;\"><br \/><\/span><i><span style=\"font-weight: 400;\">\u00a0 \u00a0 \u00a0 \u00a0 \u00a0 Los 80: T\u00e9cnicas Experimentales<\/span><\/i><span style=\"font-weight: 400;\">, Museo Nacional de Grabado. Buenos Aires<\/span><span style=\"font-weight: 400;\"><br \/><\/span><i><span style=\"font-weight: 400;\">\u00a0 \u00a0 \u00a0 \u00a0 \u00a0 Libro de Artista<\/span><\/i><span style=\"font-weight: 400;\">, Museo de Santa Fe. Argentina<\/span><span style=\"font-weight: 400;\"><br \/><\/span><i><span style=\"font-weight: 400;\">\u00a0 \u00a0 \u00a0 \u00a0 \u00a0 Tucum\u00e1n Arte: Primera Feria de Arte<\/span><\/i><span style=\"font-weight: 400;\">, Tucum\u00e1n. Argentina<\/span><span style=\"font-weight: 400;\"><br \/><\/span><i><span style=\"font-weight: 400;\">\u00a0 \u00a0 \u00a0 \u00a0 \u00a0 Piel de Papel<\/span><\/i><span style=\"font-weight: 400;\">, Centro Cultural Recoleta. Buenos Aires<\/span><span style=\"font-weight: 400;\"><br \/><\/span><i><span style=\"font-weight: 400;\">\u00a0 \u00a0 \u00a0 \u00a0 \u00a0 Encuentro de Poes\u00eda Visual y Sonora<\/span><\/i><span style=\"font-weight: 400;\">. Galer\u00eda V\u00f3rtice. Buenos Aires<\/span><span style=\"font-weight: 400;\"><br \/><\/span><span style=\"font-weight: 400;\">\u00a0 \u00a0 \u00a0 \u00a0 \u00a0 Sal\u00f3n Manuel Belgrano de Grabado y Dibujo. Museo Eduardo S\u00edvori. Buenos Aires<\/span><span style=\"font-weight: 400;\"><br \/><\/span><b>2002<\/b><span style=\"font-weight: 400;\">\u00a0 <\/span><i><span style=\"font-weight: 400;\">Argentina 2002<\/span><\/i><span style=\"font-weight: 400;\">, Broward County Library, Fort Lauderdale. U.S.A.<\/span><span style=\"font-weight: 400;\"><br \/><\/span><i><span style=\"font-weight: 400;\">\u00a0 \u00a0 \u00a0 \u00a0 \u00a0 Bienal Gr\u00e1fica<\/span><\/i><span style=\"font-weight: 400;\">, Museo Nacional de Grabado. Buenos Aires. \u00a0 \u00a0 \u00a0 \u00a0 <\/span><span style=\"font-weight: 400;\"><br \/><\/span><i><span style=\"font-weight: 400;\">\u00a0 \u00a0 \u00a0 \u00a0 \u00a0 Basta de Mujeres<\/span><\/i><span style=\"font-weight: 400;\">, Galer\u00eda Atica. Buenos Aires.<\/span><span style=\"font-weight: 400;\"><br \/><\/span><b>2001<\/b><span style=\"font-weight: 400;\">\u00a0 <\/span><i><span style=\"font-weight: 400;\">Las Palabras Perdidas<\/span><\/i><span style=\"font-weight: 400;\">, Centro Cultural Recoleta. Buenos Aires<\/span><span style=\"font-weight: 400;\"><br \/><\/span><i><span style=\"font-weight: 400;\">\u00a0 \u00a0 \u00a0 \u00a0 \u00a0 Muestra de Mujeres<\/span><\/i><span style=\"font-weight: 400;\">, Centro Cultural Borges. Buenos Aires<\/span><span style=\"font-weight: 400;\"><br \/><\/span><i><span style=\"font-weight: 400;\">\u00a0 \u00a0 \u00a0 \u00a0 \u00a0 Autorretrato<\/span><\/i><span style=\"font-weight: 400;\">, Centro Cultural Borges. Buenos Aires<\/span><span style=\"font-weight: 400;\"><br \/><\/span><span style=\"font-weight: 400;\">\u00a0 \u00a0 \u00a0 \u00a0 \u00a0 Premio Universidad del Salvador, Palais de Glace, Buenos Aires<\/span><span style=\"font-weight: 400;\"><br \/><\/span><span style=\"font-weight: 400;\">\u00a0 \u00a0 \u00a0 \u00a0 \u00a0 Fundaci\u00f3n para la investigaci\u00f3n m\u00e9dico-psicol\u00f3gica. Buenos Aires<\/span><span style=\"font-weight: 400;\"><br \/><\/span><i><span style=\"font-weight: 400;\">\u00a0 \u00a0 \u00a0 \u00a0 \u00a0 Almanaque,<\/span><\/i><span style=\"font-weight: 400;\"> Centro Cultural Recoleta. Buenos Aires<\/span><span style=\"font-weight: 400;\"><br \/><\/span><i><span style=\"font-weight: 400;\">\u00a0 \u00a0 \u00a0 \u00a0 \u00a0 Colecci\u00f3n de artistas,<\/span><\/i><span style=\"font-weight: 400;\"> PROA. Buenos Aires<\/span><span style=\"font-weight: 400;\"><br \/><\/span><b>2000<\/b> <span style=\"font-weight: 400;\">XLV Sal\u00f3n Manuel Belgrano, Museo Eduardo S\u00edvori. Buenos Aires<\/span><span style=\"font-weight: 400;\"><br \/><\/span><i><span style=\"font-weight: 400;\"> \u00a0 \u00a0 \u00a0 \u00a0 \u00a0 Litograf\u00edas Porte\u00f1as y Gauchas.<\/span><\/i><span style=\"font-weight: 400;\"> Porto Alegre. Brasil<\/span><span style=\"font-weight: 400;\"><br \/><\/span><i><span style=\"font-weight: 400;\"> \u00a0 \u00a0 \u00a0 \u00a0 \u00a0 Cigar Art<\/span><\/i><span style=\"font-weight: 400;\">, Art Museum of\u00a0 South Texas. U.S.A.<\/span><span style=\"font-weight: 400;\"><br \/><\/span><b>1999<\/b><span style=\"font-weight: 400;\"> \u00a0 <\/span><i><span style=\"font-weight: 400;\">North American Print Exhibition<\/span><\/i><span style=\"font-weight: 400;\">, Boston, Mass. U.S.A.<\/span><span style=\"font-weight: 400;\"><br \/><\/span><i><span style=\"font-weight: 400;\"> \u00a0 \u00a0 \u00a0 \u00a0 \u00a0 Lubin V Art Auction<\/span><\/i><span style=\"font-weight: 400;\">, 12 Deutschen Internationalen Trienal Grafica,Frechen. Polonia<\/span><span style=\"font-weight: 400;\"><br \/><\/span><span style=\"font-weight: 400;\"> \u00a0 \u00a0 \u00a0 \u00a0 \u00a0 V subasta de grabados de Lubinsk. Polonia<\/span><span style=\"font-weight: 400;\"><br \/><\/span><span style=\"font-weight: 400;\"> \u00a0 \u00a0 \u00a0 \u00a0 \u00a0 Muestra de Litograf\u00eda, Museo Eduardo S\u00edvori. Buenos Aires<\/span><span style=\"font-weight: 400;\"><br \/><\/span><b>1998<\/b><span style=\"font-weight: 400;\"> \u00a0 <\/span><i><span style=\"font-weight: 400;\">Gr\u00e1fica Experimental,<\/span><\/i><span style=\"font-weight: 400;\"> Fundaci\u00f3n Andreani. Buenos Aires<\/span><span style=\"font-weight: 400;\"><br \/><\/span><i><span style=\"font-weight: 400;\"> \u00a0 \u00a0 \u00a0 \u00a0 \u00a0 Grabadores Argentinos Contempor\u00e1neos,<\/span><\/i><span style=\"font-weight: 400;\"> Galer\u00eda Hoy en el Arte.\u00a0 Buenos Aires<\/span><span style=\"font-weight: 400;\"><br \/><\/span><span style=\"font-weight: 400;\"> \u00a0 \u00a0 \u00a0 \u00a0 \u00a0 XLIII Sal\u00f3n Manuel Belgrano, Museo Eduardo S\u00edvori. Buenos Aires<\/span><span style=\"font-weight: 400;\"><br \/><\/span><i><span style=\"font-weight: 400;\">\u00a0 \u00a0 \u00a0 \u00a0 \u00a0 Cinco m\u00e1s Siete<\/span><\/i><span style=\"font-weight: 400;\"> Galer\u00eda Archimboldo. Buenos Aires<\/span><span style=\"font-weight: 400;\"><br \/><\/span><b>1997<\/b> <span style=\"font-weight: 400;\">V Bienal de Dibujo. Santo Domingo. Rep\u00fablica Dominicana<\/span><span style=\"font-weight: 400;\"><br \/><\/span><span style=\"font-weight: 400;\"> \u00a0 \u00a0 \u00a0 \u00a0 \u00a0 IX Print Biennial Varna. Bulgaria<\/span><span style=\"font-weight: 400;\"><br \/><\/span><span style=\"font-weight: 400;\"> \u00a0 \u00a0 \u00a0 \u00a0 \u00a0 I Bienal de Pintura Avon. Buenos Aires<\/span><span style=\"font-weight: 400;\"><br \/><\/span><span style=\"font-weight: 400;\"> \u00a0 \u00a0 \u00a0 \u00a0 \u00a0 Leonora Vega Gallery, Nueva York. U.S.A.<\/span><span style=\"font-weight: 400;\"><br \/><\/span><span style=\"font-weight: 400;\"> \u00a0 \u00a0 \u00a0 \u00a0 \u00a0 Kumho Museum of Art, Seul. Corea del Sur<\/span><span style=\"font-weight: 400;\"><br \/><\/span><i><span style=\"font-weight: 400;\"> \u00a0 \u00a0 \u00a0 \u00a0 \u00a0 Litograf\u00eda Argentina Contempor\u00e1nea<\/span><\/i><span style=\"font-weight: 400;\">. Segunda Edici\u00f3n. Museos:<\/span><span style=\"font-weight: 400;\"><br \/><\/span><span style=\"font-weight: 400;\"> \u00a0 \u00a0 \u00a0 \u00a0 \u00a0 Eduardo S\u00edvori, Buenos Aires; Nacional de Grabado, Buenos Aires;<\/span><span style=\"font-weight: 400;\"><br \/><\/span><span style=\"font-weight: 400;\"> \u00a0 \u00a0 \u00a0 \u00a0 \u00a0 Provincial de Bellas Artes Emilio Caraffa, C\u00f3rdoba. Argentina; Centro<\/span><span style=\"font-weight: 400;\"><br \/><\/span><span style=\"font-weight: 400;\"> \u00a0 \u00a0 \u00a0 \u00a0 \u00a0 Cultural Nordeste, Resistencia, Chaco. Argentina<\/span><span style=\"font-weight: 400;\"><br \/><\/span><b>1996<\/b> <span style=\"font-weight: 400;\">Premio Abril de Arte &amp; Antig\u00fcedades, Museo Metropolitano. Buenos Aires<\/span><span style=\"font-weight: 400;\"><br \/><\/span><i><span style=\"font-weight: 400;\"> \u00a0 \u00a0 \u00a0 \u00a0 \u00a0 Homenaje a Frida Kahlo<\/span><\/i><span style=\"font-weight: 400;\">, Centro Cultural Recoleta. Buenos Aires<\/span><span style=\"font-weight: 400;\"><br \/><\/span><i><span style=\"font-weight: 400;\"> \u00a0 \u00a0 \u00a0 \u00a0 \u00a0 5 Artistas Argentinos Sobre Papel,<\/span><\/i><span style=\"font-weight: 400;\"> C\u00f3dice Galer\u00eda de Arte Contempor\u00e1neo, Centro Cultural Managua. Nicaragua<\/span><span style=\"font-weight: 400;\"><br \/><\/span><span style=\"font-weight: 400;\"> \u00a0 \u00a0 \u00a0 \u00a0 \u00a0 Bienal de Dibujo, Instituto de Cultura Puertorrique\u00f1a. San Juan. Puerto Rico<\/span><span style=\"font-weight: 400;\"><br \/><\/span><b>1995<\/b><span style=\"font-weight: 400;\"> \u00a0 IV Bienal Latinoamericana de Dibujo. Santo Domingo. Rep\u00fablica Dominicana<\/span><span style=\"font-weight: 400;\"><br \/><\/span><span style=\"font-weight: 400;\"> \u00a0 \u00a0 \u00a0 \u00a0 \u00a0 Satyric\u00f3n, Print Show. Polonia<\/span><span style=\"font-weight: 400;\"><br \/><\/span><span style=\"font-weight: 400;\"> \u00a0 \u00a0 \u00a0 \u00a0 \u00a0 Premio Security. Buenos Aires<\/span><span style=\"font-weight: 400;\"><br \/><\/span><span style=\"font-weight: 400;\"> \u00a0 \u00a0 \u00a0 \u00a0 \u00a0 International Print Biennal, Taipei, Taiwan. China<\/span><span style=\"font-weight: 400;\"><br \/><\/span><b>1994<\/b><span style=\"font-weight: 400;\"> \u00a0 <\/span><i><span style=\"font-weight: 400;\">Comida y Artistas<\/span><\/i><span style=\"font-weight: 400;\">, Galer\u00eda Arte Aplicada, San Pablo. Brasil<\/span><span style=\"font-weight: 400;\"><br \/><\/span><span style=\"font-weight: 400;\"> \u00a0 \u00a0 \u00a0 \u00a0 \u00a0 Premio Chandon de Grabados, Museo Nacional de Bellas Artes. Buenos Aires<\/span><span style=\"font-weight: 400;\"><br \/><\/span><i><span style=\"font-weight: 400;\"> \u00a0 \u00a0 \u00a0 \u00a0 \u00a0 Arte Sacro<\/span><\/i><span style=\"font-weight: 400;\">, Museo de Arte Decorativo. Buenos Aires<\/span><span style=\"font-weight: 400;\"><br \/><\/span><span style=\"font-weight: 400;\"> \u00a0 \u00a0 \u00a0 \u00a0 \u00a0 Cuprum VI Lubin, Polonia<\/span><span style=\"font-weight: 400;\"><br \/><\/span><i><span style=\"font-weight: 400;\"> \u00a0 \u00a0 \u00a0 \u00a0 \u00a0 Arte Ecol\u00f3gico<\/span><\/i><span style=\"font-weight: 400;\">, Sheraton Hotel. Buenos Aires<\/span><span style=\"font-weight: 400;\"><br \/><\/span><span style=\"font-weight: 400;\"> \u00a0 \u00a0 \u00a0 \u00a0 \u00a0 IX Bienal Domec, Ciudad de M\u00e9xico. M\u00e9xico<\/span><span style=\"font-weight: 400;\"><br \/><\/span><b>1993<\/b> <span style=\"font-weight: 400;\">X Bienal, San Juan. Puerto Rico<\/span><span style=\"font-weight: 400;\"><br \/><\/span><span style=\"font-weight: 400;\"> \u00a0 \u00a0 \u00a0 \u00a0 \u00a0 Bienal Varna. Yugoslavia<\/span><span style=\"font-weight: 400;\"><br \/><\/span><b>1992<\/b><span style=\"font-weight: 400;\"> \u00a0 <\/span><i><span style=\"font-weight: 400;\">2 x 2<\/span><\/i><span style=\"font-weight: 400;\">, Galer\u00eda del Instituto Cultural Brasil-Argentina, R\u00edo de Janeiro. Brasil<\/span><span style=\"font-weight: 400;\"><br \/><\/span><b>1991<\/b> <span style=\"font-weight: 400;\">Intergrafic. Alemania.<\/span><span style=\"font-weight: 400;\"><br \/><\/span><span style=\"font-weight: 400;\"> \u00a0 \u00a0 \u00a0 \u00a0 \u00a0 IX Bienal de Grabado Latinoamericano, Instituto de Cultura Puertorrique\u00f1a. San Juan. Puerto Rico<\/span><span style=\"font-weight: 400;\"><br \/><\/span><i><span style=\"font-weight: 400;\"> \u00a0 \u00a0 \u00a0 \u00a0 \u00a0 Cuatro Mujeres Grabadoras<\/span><\/i><span style=\"font-weight: 400;\">, Galer\u00eda Folgar, Punta del Este. Uruguay<\/span><span style=\"font-weight: 400;\"><br \/><\/span><b>1990 <\/b><span style=\"font-weight: 400;\">\u00a0\u00a0<\/span><i><span style=\"font-weight: 400;\">Mujeres en el Arte,<\/span><\/i><span style=\"font-weight: 400;\"> Museo de Arte Moderno. Buenos Aires<\/span><span style=\"font-weight: 400;\"><br \/><\/span><span style=\"font-weight: 400;\"> \u00a0 \u00a0 \u00a0 \u00a0 \u00a0 Hoy en el Arte, Galer\u00eda Teresa Najman. Buenos Aires<\/span><span style=\"font-weight: 400;\"><br \/><\/span><span style=\"font-weight: 400;\"> \u00a0 \u00a0 \u00a0 \u00a0 \u00a0 Citibank\/Citicorp. Buenos Aires<\/span><span style=\"font-weight: 400;\"><br \/><\/span><b>1989<\/b> <span style=\"font-weight: 400;\">Museo Omar Rayo. Bogot\u00e1. Colombia<\/span><span style=\"font-weight: 400;\"><br \/><\/span><span style=\"font-weight: 400;\"> \u00a0 \u00a0 \u00a0 \u00a0 \u00a0 International Print Biennal Taipei, Taiwan. China<\/span><span style=\"font-weight: 400;\"><br \/><\/span><span style=\"font-weight: 400;\"> \u00a0 \u00a0 \u00a0 \u00a0 \u00a0 International Print Triennal. Noruega<\/span><span style=\"font-weight: 400;\"><br \/><\/span><span style=\"font-weight: 400;\"> \u00a0 \u00a0 \u00a0 \u00a0 \u00a0 Galer\u00eda Arte Aplicada, San Pablo. Brasil.<\/span><span style=\"font-weight: 400;\"><br \/><\/span><b>1988 <\/b><span style=\"font-weight: 400;\">\u00a0\u00a0<\/span><i><span style=\"font-weight: 400;\">Gr\u00e1fica y Espacio Instalaci\u00f3n<\/span><\/i><span style=\"font-weight: 400;\">, Centro Cultural Recoleta. Buenos Aires<\/span><span style=\"font-weight: 400;\"><br \/><\/span><i><span style=\"font-weight: 400;\"> \u00a0 \u00a0 \u00a0 \u00a0 \u00a0 Grupo Gr\u00e1fica Experimental<\/span><\/i><span style=\"font-weight: 400;\">, Fundaci\u00f3n Banco Patricios. Buenos Aires<\/span><span style=\"font-weight: 400;\"><br \/><\/span><i><span style=\"font-weight: 400;\"> \u00a0 \u00a0 \u00a0 \u00a0 \u00a0 El Pensamiento Lineal,<\/span><\/i><span style=\"font-weight: 400;\">\u00a0 Fundaci\u00f3n San Telmo. Buenos Aires<\/span><span style=\"font-weight: 400;\"><br \/><\/span><b>1987<\/b> <span style=\"font-weight: 400;\">Los Andes Sala Sindel, Baden-Baden. Alemania<\/span><span style=\"font-weight: 400;\"><br \/><\/span><span style=\"font-weight: 400;\"> \u00a0 \u00a0 \u00a0 \u00a0 \u00a0 Horta Gallery, Bruselas. B\u00e9lgica<\/span><span style=\"font-weight: 400;\"><br \/><\/span><span style=\"font-weight: 400;\"> \u00a0 \u00a0 \u00a0 \u00a0 \u00a0 Casa Argentina, Roma. Italia<\/span><span style=\"font-weight: 400;\"><br \/><\/span><span style=\"font-weight: 400;\"> \u00a0 \u00a0 \u00a0 \u00a0 \u00a0 Edison Gallery, The Hague. Holanda<\/span><span style=\"font-weight: 400;\"><br \/><\/span><i><span style=\"font-weight: 400;\"> \u00a0 \u00a0 \u00a0 \u00a0 \u00a0 Gr\u00e1fica Experimental.<\/span><\/i><span style=\"font-weight: 400;\"> Museo Provincial de Bellas Artes. La Plata. Provincia de Buenos Aires<\/span><span style=\"font-weight: 400;\"><br \/><\/span><b>1986<\/b> <span style=\"font-weight: 400;\">V Bienal de Arte, Instituto Domecq. Ciudad de M\u00e9jico. M\u00e9jico<\/span><span style=\"font-weight: 400;\"><br \/><\/span><i><span style=\"font-weight: 400;\"> \u00a0 \u00a0 \u00a0 \u00a0 \u00a0 Artistas Argentinos<\/span><\/i><span style=\"font-weight: 400;\">, V Bienal de Arte Instituto Domecq, Galer\u00eda Praxis. Buenos Aires \u00a0 \u00a0 \u00a0 \u00a0 \u00a0 \u00a0 <\/span><span style=\"font-weight: 400;\"><br \/><\/span><span style=\"font-weight: 400;\"> \u00a0 \u00a0 \u00a0 \u00a0 \u00a0 Premio Beca, Museo de Arte Moderno. Buenos Aires<\/span><span style=\"font-weight: 400;\"><br \/><\/span><i><span style=\"font-weight: 400;\"> \u00a0 \u00a0 \u00a0 \u00a0 \u00a0 10 Artistas Argentinos,<\/span><\/i><span style=\"font-weight: 400;\"> Museo Emilio Caraffa. C\u00f3rdoba. Argentina<\/span><span style=\"font-weight: 400;\"><br \/><\/span><i><span style=\"font-weight: 400;\"> \u00a0 \u00a0 \u00a0 \u00a0 \u00a0 Grabado Experimental,<\/span><\/i><span style=\"font-weight: 400;\"> Museo Eduardo S\u00edvori. Buenos Aires<\/span><span style=\"font-weight: 400;\"><br \/><\/span><span style=\"font-weight: 400;\"> \u00a0 \u00a0 \u00a0 \u00a0 \u00a0 Los Andes Galer\u00eda Atica, Muestra Itinerante por Europa<\/span><span style=\"font-weight: 400;\"><br \/><\/span><b>1985<\/b><span style=\"font-weight: 400;\"> \u00a0 <\/span><i><span style=\"font-weight: 400;\">Arte para Muchos<\/span><\/i><span style=\"font-weight: 400;\">, Museo Eduardo S\u00edvori. Buenos Aires<\/span><span style=\"font-weight: 400;\"><br \/><\/span><span style=\"font-weight: 400;\"> \u00a0 \u00a0 \u00a0 \u00a0 \u00a0 Aleph Gallery, Mil\u00e1n. Italia<\/span><span style=\"font-weight: 400;\"><br \/><\/span><span style=\"font-weight: 400;\"> \u00a0 \u00a0 \u00a0 \u00a0 \u00a0 Premio Planteo, Galer\u00eda Centoira, Buenos Aires<\/span><span style=\"font-weight: 400;\"><br \/><\/span><b>1984<\/b><span style=\"font-weight: 400;\"> \u00a0 <\/span><i><span style=\"font-weight: 400;\">Colecci\u00f3n Navarro Correas<\/span><\/i><span style=\"font-weight: 400;\">, Museo de Arte Moderno, San Pablo. Brasil<\/span><span style=\"font-weight: 400;\"><br \/><\/span><i><span style=\"font-weight: 400;\"> \u00a0 \u00a0 \u00a0 \u00a0 \u00a0 Grabadores Argentinos en Venecia,<\/span><\/i><span style=\"font-weight: 400;\"> Galer\u00eda, Venezia Viva, Venecia. Italia<\/span><span style=\"font-weight: 400;\"><br \/><\/span><span style=\"font-weight: 400;\"> \u00a0 \u00a0 \u00a0 \u00a0 \u00a0 Bienal de Grabado, Curitiba. Brasil.<\/span><span style=\"font-weight: 400;\"><br \/><\/span><i><span style=\"font-weight: 400;\"> \u00a0 \u00a0 \u00a0 \u00a0 \u00a0 Im\u00e1genes de Francia<\/span><\/i><span style=\"font-weight: 400;\">, Premio Air France, CAYC. Buenos Aires<\/span><span style=\"font-weight: 400;\"><br \/><\/span><i><span style=\"font-weight: 400;\"> \u00a0 \u00a0 \u00a0 \u00a0 \u00a0 Homenaje a los \u00d3rganos Sagrados<\/span><\/i><span style=\"font-weight: 400;\">, Galer\u00eda Crearte. Buenos Aires<\/span><span style=\"font-weight: 400;\"><br \/><\/span><b>1983 <\/b><span style=\"font-weight: 400;\">\u00a0\u00a0<\/span><i><span style=\"font-weight: 400;\">Objeto del Objeto,<\/span><\/i><span style=\"font-weight: 400;\"> Museo de Arte Moderno. Buenos Aires<\/span><span style=\"font-weight: 400;\"><br \/><\/span><b>1981<\/b><span style=\"font-weight: 400;\"> \u00a0 Galer\u00eda Avril, Ciudad de M\u00e9jico. M\u00e9jico<\/span><span style=\"font-weight: 400;\"><br \/><\/span><span style=\"font-weight: 400;\"> \u00a0 \u00a0 \u00a0 \u00a0 \u00a0 Galer\u00eda Atica, Semana de la Cr\u00edtica. Buenos Aires<\/span><span style=\"font-weight: 400;\"><br \/><\/span><i><span style=\"font-weight: 400;\"> \u00a0 \u00a0 \u00a0 \u00a0 \u00a0 Pl\u00e1sticos J\u00f3venes y sus Maestros<\/span><\/i><span style=\"font-weight: 400;\">, Galer\u00eda Praxis. Buenos Aires<\/span><span style=\"font-weight: 400;\"><br \/><\/span><b>1979 <\/b><span style=\"font-weight: 400;\">\u00a0\u00a0Galer\u00eda Arte Aplicada, San Pablo. Brasil<\/span><span style=\"font-weight: 400;\"><br \/><\/span><i><span style=\"font-weight: 400;\"> \u00a0 \u00a0 \u00a0 \u00a0 \u00a0 Dibujantes Argentinos<\/span><\/i><span style=\"font-weight: 400;\">, CAYC, Buenos Aires<\/span><span style=\"font-weight: 400;\"><br \/><\/span><i><span style=\"font-weight: 400;\"> \u00a0 \u00a0 \u00a0 \u00a0 \u00a0 Arte Gr\u00e1fico Latinoamericano,<\/span><\/i><span style=\"font-weight: 400;\"> Quito. Ecuador<\/span><span style=\"font-weight: 400;\"><br \/><\/span><b>1978<\/b><span style=\"font-weight: 400;\"> \u00a0 <\/span><i><span style=\"font-weight: 400;\">Actuales Tendencias del Dibujo en la Argentina,<\/span><\/i><span style=\"font-weight: 400;\"> Galer\u00eda Praxis. Buenos Aires<\/span><span style=\"font-weight: 400;\"><br \/><\/span><i><span style=\"font-weight: 400;\"> \u00a0 \u00a0 \u00a0 \u00a0 \u00a0 Arte Er\u00f3tico,<\/span><\/i><span style=\"font-weight: 400;\"> Galer\u00eda Praxis. Buenos Aires<\/span><span style=\"font-weight: 400;\"><br \/><\/span><i><span style=\"font-weight: 400;\"> \u00a0 \u00a0 \u00a0 \u00a0 \u00a0 Images et Messages d\u2019Amerique Latine<\/span><\/i><span style=\"font-weight: 400;\">. Ville Parisi. Francia<\/span><span style=\"font-weight: 400;\"><br \/><\/span><b>1977<\/b><span style=\"font-weight: 400;\"> \u00a0 Fundaci\u00f3n Joan Mir\u00f3, CAYC, Barcelona, Espa\u00f1a.<\/span><span style=\"font-weight: 400;\"><br \/><\/span><i><span style=\"font-weight: 400;\"> \u00a0 \u00a0 \u00a0 \u00a0 \u00a0 Arte Actual Iberoamericano,<\/span><\/i><span style=\"font-weight: 400;\"> Instituto de Cultura Hisp\u00e1nica, Madrid. Espa\u00f1a<\/span><span style=\"font-weight: 400;\"><br \/><\/span><span style=\"font-weight: 400;\"> \u00a0 \u00a0 \u00a0 \u00a0 \u00a0 Art Core Gallery, Kyoto. Jap\u00f3n.<\/span><span style=\"font-weight: 400;\"><br \/><\/span><b>1975<\/b><span style=\"font-weight: 400;\"> \u00a0 <\/span><i><span style=\"font-weight: 400;\">Memoria de Lola Mora,<\/span><\/i><span style=\"font-weight: 400;\"> Museo de Bellas Artes. Luj\u00e1n. Pcia. de Buenos Aires<\/span><span style=\"font-weight: 400;\"><br \/><\/span><span style=\"font-weight: 400;\"> \u00a0 \u00a0 \u00a0 \u00a0 \u00a0 XI Sal\u00f3n Nacional de Dibujo y Grabado. Buenos Aires<\/span><span style=\"font-weight: 400;\"><br \/><\/span><b>1974 <\/b><span style=\"font-weight: 400;\">\u00a0\u00a0II Sal\u00f3n Nacional de Artistas Pl\u00e1sticas, Grabado y Dibujo, Fundaci\u00f3n<\/span><span style=\"font-weight: 400;\"><br \/><\/span><span style=\"font-weight: 400;\"> \u00a0 \u00a0 \u00a0 \u00a0 \u00a0 Isidoro Steimberg. Buenos Aires.<\/span><span style=\"font-weight: 400;\"><br \/><\/span><span style=\"font-weight: 400;\"> \u00a0 \u00a0 \u00a0 \u00a0 \u00a0 Bienal de Grabado Carlos Filevich, Museo Eduardo S\u00edvori. Buenos Aires.<\/span><span style=\"font-weight: 400;\"><br \/><\/span><b>1973<\/b><span style=\"font-weight: 400;\"> \u00a0 Sal\u00f3n Nacional de Grabado y Dibujo, Salas Nacionales de Exposici\u00f3n, Buenos Aires<\/span><span style=\"font-weight: 400;\"><br \/><\/span><span style=\"font-weight: 400;\"> \u00a0 \u00a0 \u00a0 \u00a0 \u00a0 IX Muestra Nacional de J\u00f3venes Artistas, Sociedad Hebraica. Buenos Aires.<\/span><span style=\"font-weight: 400;\"><br \/><\/span><b>1972<\/b> <span style=\"font-weight: 400;\">Sal\u00f3n Manuel Belgrano. Museo Eduardo S\u00edvori. Buenos Aires<\/span><\/p>\t\t\t\t\t\t\t\t<\/div>\n\t\t\t\t<\/div>\n\t\t\t\t<\/div>\n\t\t\t\t\t<\/div>\n\t\t\t\t<\/div>\n\t\t\t\t<\/div>\n\t\t","protected":false},"excerpt":{"rendered":"<p>Susana Rodr\u00edguez egres\u00f3 de la Escuela de Bellas Artes de Buenos Aires como Profesora Superior de Grabado. En 1988 obtuvo una residencia en la Fundaci\u00f3n Rockefeller, Bellagio, Italia. Entre 1989 y 1990 trabaj\u00f3 en el principal taller de grabado de San Pablo, Brasil, produciendo litograf\u00edas. Su obra fue expuesta internacionalmente, en ciudades como Nueva York, [&hellip;]<\/p>\n","protected":false},"author":1,"featured_media":0,"parent":0,"menu_order":0,"comment_status":"closed","ping_status":"closed","template":"elementor_header_footer","meta":{"site-sidebar-layout":"no-sidebar","site-content-layout":"","ast-site-content-layout":"full-width-container","site-content-style":"default","site-sidebar-style":"default","ast-global-header-display":"","ast-banner-title-visibility":"","ast-main-header-display":"","ast-hfb-above-header-display":"","ast-hfb-below-header-display":"","ast-hfb-mobile-header-display":"","site-post-title":"disabled","ast-breadcrumbs-content":"","ast-featured-img":"disabled","footer-sml-layout":"","ast-disable-related-posts":"","theme-transparent-header-meta":"","adv-header-id-meta":"","stick-header-meta":"","header-above-stick-meta":"","header-main-stick-meta":"","header-below-stick-meta":"","astra-migrate-meta-layouts":"default","ast-page-background-enabled":"default","ast-page-background-meta":{"desktop":{"background-color":"var(--ast-global-color-4)","background-image":"","background-repeat":"repeat","background-position":"center center","background-size":"auto","background-attachment":"scroll","background-type":"","background-media":"","overlay-type":"","overlay-color":"","overlay-opacity":"","overlay-gradient":""},"tablet":{"background-color":"","background-image":"","background-repeat":"repeat","background-position":"center center","background-size":"auto","background-attachment":"scroll","background-type":"","background-media":"","overlay-type":"","overlay-color":"","overlay-opacity":"","overlay-gradient":""},"mobile":{"background-color":"","background-image":"","background-repeat":"repeat","background-position":"center center","background-size":"auto","background-attachment":"scroll","background-type":"","background-media":"","overlay-type":"","overlay-color":"","overlay-opacity":"","overlay-gradient":""}},"ast-content-background-meta":{"desktop":{"background-color":"var(--ast-global-color-5)","background-image":"","background-repeat":"repeat","background-position":"center center","background-size":"auto","background-attachment":"scroll","background-type":"","background-media":"","overlay-type":"","overlay-color":"","overlay-opacity":"","overlay-gradient":""},"tablet":{"background-color":"var(--ast-global-color-5)","background-image":"","background-repeat":"repeat","background-position":"center center","background-size":"auto","background-attachment":"scroll","background-type":"","background-media":"","overlay-type":"","overlay-color":"","overlay-opacity":"","overlay-gradient":""},"mobile":{"background-color":"var(--ast-global-color-5)","background-image":"","background-repeat":"repeat","background-position":"center center","background-size":"auto","background-attachment":"scroll","background-type":"","background-media":"","overlay-type":"","overlay-color":"","overlay-opacity":"","overlay-gradient":""}},"footnotes":""},"class_list":["post-40","page","type-page","status-publish","hentry"],"_links":{"self":[{"href":"https:\/\/susanarodriguez.com.ar\/index.php\/wp-json\/wp\/v2\/pages\/40","targetHints":{"allow":["GET"]}}],"collection":[{"href":"https:\/\/susanarodriguez.com.ar\/index.php\/wp-json\/wp\/v2\/pages"}],"about":[{"href":"https:\/\/susanarodriguez.com.ar\/index.php\/wp-json\/wp\/v2\/types\/page"}],"author":[{"embeddable":true,"href":"https:\/\/susanarodriguez.com.ar\/index.php\/wp-json\/wp\/v2\/users\/1"}],"replies":[{"embeddable":true,"href":"https:\/\/susanarodriguez.com.ar\/index.php\/wp-json\/wp\/v2\/comments?post=40"}],"version-history":[{"count":38,"href":"https:\/\/susanarodriguez.com.ar\/index.php\/wp-json\/wp\/v2\/pages\/40\/revisions"}],"predecessor-version":[{"id":557,"href":"https:\/\/susanarodriguez.com.ar\/index.php\/wp-json\/wp\/v2\/pages\/40\/revisions\/557"}],"wp:attachment":[{"href":"https:\/\/susanarodriguez.com.ar\/index.php\/wp-json\/wp\/v2\/media?parent=40"}],"curies":[{"name":"wp","href":"https:\/\/api.w.org\/{rel}","templated":true}]}}